{"id":46818,"date":"2023-09-11T12:07:25","date_gmt":"2023-09-11T10:07:25","guid":{"rendered":"https:\/\/en.ecoturbino.shop\/?page_id=46818"},"modified":"2024-04-09T12:14:12","modified_gmt":"2024-04-09T10:14:12","slug":"referenser","status":"publish","type":"page","link":"https:\/\/ecoturbino.shop\/sv\/references\/","title":{"rendered":"ecoturbino Referenser och omd\u00f6men"},"content":{"rendered":"<section class=\"section\" id=\"section_1606491200\">\n\t\t<div class=\"section-bg fill\" >\n\t\t\t\t\t\t\t\t\t\n\t\t\t\n\n\t\t<\/div>\n\n\t\t\n\n\t\t<div class=\"section-content relative\">\n\t\t\t\n\n  <div class=\"banner has-hover\" id=\"banner-950509668\">\n          <div class=\"banner-inner fill\">\n        <div class=\"banner-bg fill\" >\n            <img decoding=\"async\" width=\"2000\" height=\"230\" src=\"https:\/\/ecoturbino.shop\/wp-content\/uploads\/2023\/09\/wasser-faq-2000.webp\" class=\"bg attachment-original size-original\" alt=\"Vattenkategori\" \/>                        <div class=\"overlay\"><\/div>            \n                    <\/div>\n\t\t\n        <div class=\"banner-layers container\">\n            <div class=\"fill banner-link\"><\/div>            \n   <div id=\"text-box-1432950139\" class=\"text-box banner-layer x50 md-x50 lg-x50 y50 md-y50 lg-y50 res-text\">\n                                <div class=\"text-box-content text dark\">\n              \n              <div class=\"text-inner text-center\">\n                  \n<h1 class=\"uppercase\">REFERENSER<\/h1>\n              <\/div>\n           <\/div>\n                            \n<style>\n#text-box-1432950139 {\n  width: 81%;\n}\n#text-box-1432950139 .text-box-content {\n  font-size: 100%;\n}\n@media (min-width:550px) {\n  #text-box-1432950139 {\n    width: 58%;\n  }\n}\n@media (min-width:850px) {\n  #text-box-1432950139 {\n    width: 31%;\n  }\n}\n<\/style>\n    <\/div>\n \n        <\/div>\n      <\/div>\n\n            \n<style>\n#banner-950509668 {\n  padding-top: 110px;\n}\n#banner-950509668 .overlay {\n  background-color: rgba(0, 0, 0, 0.25);\n}\n@media (min-width:550px) {\n  #banner-950509668 {\n    padding-top: 170px;\n  }\n}\n@media (min-width:850px) {\n  #banner-950509668 {\n    padding-top: 190px;\n  }\n}\n<\/style>\n  <\/div>\n\n\n\t\t<\/div>\n\n\t\t\n<style>\n#section_1606491200 {\n  padding-top: 0px;\n  padding-bottom: 0px;\n}\n<\/style>\n\t<\/section>\n\t\n<div class=\"row\"  id=\"row-86153610\">\n\n\t<div id=\"col-717777834\" class=\"col small-12 large-12\"  >\n\t\t\t\t<div class=\"col-inner text-center\"  >\n\t\t\t\n\t\t\t\n<h2>ecoturbino\u00ae i anv\u00e4ndning <a href=\"https:\/\/ecoturbino.eu\/\" target=\"_blank\" rel=\"noopener\">\u00f6ver hela v\u00e4rlden<\/a> | n\u00e4r en produkt \u00f6vertygar med 100%-effektivitet<\/h2>\n\t\t<\/div>\n\t\t\t\t\t<\/div>\n\n\t\n<\/div>\n<div class=\"row row-small\"  id=\"row-1276152094\">\n\n\t<div id=\"col-323090415\" class=\"col medium-6 small-12 large-6\"  >\n\t\t\t\t<div class=\"col-inner\"  >\n\t\t\t\n\t\t\t\n<div class=\"row row-small align-center\"  id=\"row-995959784\">\n\n\t<div id=\"col-923764829\" class=\"col medium-11 small-12 large-12\"  >\n\t\t\t\t<div class=\"col-inner\" style=\"background-color:rgb(240, 240, 240);\" >\n\t\t\t\n\t<div class=\"is-border is-dashed\"\n\t\tstyle=\"border-color:rgba(85, 85, 85, 0.75);border-radius:10px;border-width:2px 2px 2px 2px;\">\n\t<\/div>\n\t\t\t\n<div class=\"row row-collapse\"  id=\"row-478453962\">\n\n\t<div id=\"col-1302634691\" class=\"col medium-5 small-12 large-5\"  >\n\t\t\t\t<div class=\"col-inner\"  >\n\t\t\t\n\t\t\t\n\t<div class=\"img has-hover radius10 x md-x lg-x y md-y lg-y\" id=\"image_545199739\">\n\t\t\t\t\t\t\t\t<div class=\"img-inner image-cover dark\" style=\"padding-top:100%;margin:0px 0px 10px 0px;\">\n\t\t\t<img decoding=\"async\" width=\"600\" height=\"600\" src=\"https:\/\/ecoturbino.shop\/wp-content\/uploads\/2023\/08\/isar-klinikum.jpg\" class=\"attachment-medium size-medium\" alt=\"ISAR Klinikum\" srcset=\"https:\/\/ecoturbino.shop\/wp-content\/uploads\/2023\/08\/isar-klinikum.jpg 600w, https:\/\/ecoturbino.shop\/wp-content\/uploads\/2023\/08\/isar-klinikum-336x336.jpg 336w, https:\/\/ecoturbino.shop\/wp-content\/uploads\/2023\/08\/isar-klinikum-574x574.jpg 574w, https:\/\/ecoturbino.shop\/wp-content\/uploads\/2023\/08\/isar-klinikum-340x340.jpg 340w\" sizes=\"(max-width: 600px) 100vw, 600px\" \/>\t\t\t\t\t\t\n\t\t\t\t\t<\/div>\n\t\t\t\t\t\t\t\t\n<style>\n#image_545199739 {\n  width: 100%;\n}\n<\/style>\n\t<\/div>\n\t\n\t\t<\/div>\n\t\t\t\t\t<\/div>\n\n\t\n\n\t<div id=\"col-327025145\" class=\"col medium-7 small-12 large-7\"  >\n\t\t\t\t<div class=\"col-inner text-center\"  >\n\t\t\t\n\t\t\t\n<h3 class=\"uppercase\">ISAR Klinikum<\/h3>\n\t<div id=\"text-3670178895\" class=\"text\">\n\t\t\n<p>ISAR Klinikum \u00e4r en av de b\u00e4sta klinikerna i Tyskland. Med \u00f6ver 800 anst\u00e4llda och mer \u00e4n 10.000 patienter som behandlas \u00e5rligen har b\u00e5de vatten- och energibesparingar samt hygien och f\u00f6rebyggande av bakteriebildning en mycket h\u00f6g prioritet.<br \/>\n\t\t\n<style>\n#text-3670178895 {\n  font-size: 0.95rem;\n}\n<\/style>\n\t<\/div>\n\t\n<a href=\"https:\/\/ecoturbino.shop\/wp-content\/uploads\/2023\/09\/ecoturbino-wassermanagement-isar-klinikum.pdf\" target=\"_blank\" class=\"button primary is-underline is-small\" rel=\"noopener\">\n\t\t<span>Vattenf\u00f6rvaltning<\/span>\n\t<\/a>\n\n<a href=\"https:\/\/www.isarklinikum.de\/ueber-uns\/nachhaltigkeit\/\" target=\"_blank\" class=\"button primary is-underline is-small\" rel=\"noopener\">\n\t\t<span>P\u00e5 n\u00e4tet<\/span>\n\t<i class=\"icon-angle-right\" aria-hidden=\"true\"><\/i><\/a>\n\n\t<div id=\"text-1213206989\" class=\"text\">\n\t\t\n<p><strong>M\u00fcnchen | TYSKLAND<\/strong><br \/>\n\t\t\n<style>\n#text-1213206989 {\n  font-size: 1rem;\n}\n<\/style>\n\t<\/div>\n\t\n\t\t<\/div>\n\t\t\t\t\n<style>\n#col-327025145 > .col-inner {\n  padding: 0px 5% 0px 5%;\n}\n<\/style>\n\t<\/div>\n\n\t\n<\/div>\n\t\t<\/div>\n\t\t\t\t\n<style>\n#col-923764829 > .col-inner {\n  padding: 10px 10px 10px 10px;\n  border-radius: 10px;\n}\n<\/style>\n\t<\/div>\n\n\t\n\n\t<div id=\"col-190985766\" class=\"col medium-11 small-12 large-12\"  >\n\t\t\t\t<div class=\"col-inner\" style=\"background-color:rgb(255,255,255);\" >\n\t\t\t\n\t<div class=\"is-border is-dashed\"\n\t\tstyle=\"border-color:rgba(85, 85, 85, 0.75);border-radius:10px;border-width:2px 2px 2px 2px;\">\n\t<\/div>\n\t\t\t\n<div class=\"row row-collapse\"  id=\"row-344257317\">\n\n\t<div id=\"col-813007969\" class=\"col medium-5 small-12 large-5\"  >\n\t\t\t\t<div class=\"col-inner\"  >\n\t\t\t\n\t\t\t\n\t<div class=\"img has-hover radius10 x md-x lg-x y md-y lg-y\" id=\"image_795929739\">\n\t\t\t\t\t\t\t\t<div class=\"img-inner image-cover dark\" style=\"padding-top:100%;margin:0px 0px 10px 0px;\">\n\t\t\t<img decoding=\"async\" width=\"600\" height=\"400\" src=\"https:\/\/ecoturbino.shop\/wp-content\/uploads\/2023\/10\/Ebners-Waldhof.webp\" class=\"attachment-medium size-medium\" alt=\"Ebner&#039;s Waldhof am See\" srcset=\"https:\/\/ecoturbino.shop\/wp-content\/uploads\/2023\/10\/Ebners-Waldhof.webp 600w, https:\/\/ecoturbino.shop\/wp-content\/uploads\/2023\/10\/Ebners-Waldhof-336x224.webp 336w, https:\/\/ecoturbino.shop\/wp-content\/uploads\/2023\/10\/Ebners-Waldhof-574x383.webp 574w\" sizes=\"(max-width: 600px) 100vw, 600px\" \/>\t\t\t\t\t\t\n\t\t\t\t\t<\/div>\n\t\t\t\t\t\t\t\t\n<style>\n#image_795929739 {\n  width: 100%;\n}\n<\/style>\n\t<\/div>\n\t\n\t\t<\/div>\n\t\t\t\t\t<\/div>\n\n\t\n\n\t<div id=\"col-760841188\" class=\"col medium-7 small-12 large-7\"  >\n\t\t\t\t<div class=\"col-inner text-center\"  >\n\t\t\t\n\t\t\t\n<h3 class=\"uppercase\">EBNER'S WALDHOF AM SEE<\/h3>\n\t<div id=\"text-1258765399\" class=\"text\">\n\t\t\n<p>Ebners Waldhof am See 4-stj\u00e4rniga hotell \u00e4r en dr\u00f6mplats i ett idylliskt landskap som erbjuder dig massor av variation, avkoppling och rekreation. Mitt i Salzkammergut vid den turkosbl\u00e5 Fuschlsee. 123 rum och 20 sviter utrustade med ecoturbino v\u00e4ntar p\u00e5 dig.<\/p>\n\t\t\n<style>\n#text-1258765399 {\n  font-size: 0.95rem;\n}\n<\/style>\n\t<\/div>\n\t\n<div class=\"text-center\"><div class=\"is-divider divider clearfix\" style=\"margin-top:10px;margin-bottom:10px;max-width:100px;height:1px;\"><\/div><\/div>\n\t<div id=\"text-2933069974\" class=\"text\">\n\t\t\n<p><strong>Fuschl am See | \u00d6STERRIKE<\/strong><\/p>\n\t\t\n<style>\n#text-2933069974 {\n  font-size: 1rem;\n}\n<\/style>\n\t<\/div>\n\t\n\t\t<\/div>\n\t\t\t\t\n<style>\n#col-760841188 > .col-inner {\n  padding: 0px 5% 0px 5%;\n}\n<\/style>\n\t<\/div>\n\n\t\n<\/div>\n\t\t<\/div>\n\t\t\t\t\n<style>\n#col-190985766 > .col-inner {\n  padding: 10px 10px 10px 10px;\n  border-radius: 10px;\n}\n<\/style>\n\t<\/div>\n\n\t\n\n\t<div id=\"col-72153117\" class=\"col medium-11 small-12 large-12\"  >\n\t\t\t\t<div class=\"col-inner\" style=\"background-color:rgb(255,255,255);\" >\n\t\t\t\n\t<div class=\"is-border is-dashed\"\n\t\tstyle=\"border-color:rgba(85, 85, 85, 0.75);border-radius:10px;border-width:2px 2px 2px 2px;\">\n\t<\/div>\n\t\t\t\n<div class=\"row row-collapse\"  id=\"row-63953058\">\n\n\t<div id=\"col-1921337030\" class=\"col medium-5 small-12 large-5\"  >\n\t\t\t\t<div class=\"col-inner\"  >\n\t\t\t\n\t\t\t\n\t<div class=\"img has-hover radius10 x md-x lg-x y md-y lg-y\" id=\"image_1936611472\">\n\t\t\t\t\t\t\t\t<div class=\"img-inner image-cover dark\" style=\"padding-top:100%;margin:0px 0px 10px 0px;\">\n\t\t\t<img decoding=\"async\" width=\"600\" height=\"400\" src=\"https:\/\/ecoturbino.shop\/wp-content\/uploads\/2023\/08\/bad-fuessing.jpg\" class=\"attachment-medium size-medium\" alt=\"Johannesbad Therme\" srcset=\"https:\/\/ecoturbino.shop\/wp-content\/uploads\/2023\/08\/bad-fuessing.jpg 600w, https:\/\/ecoturbino.shop\/wp-content\/uploads\/2023\/08\/bad-fuessing-336x224.jpg 336w, https:\/\/ecoturbino.shop\/wp-content\/uploads\/2023\/08\/bad-fuessing-574x383.jpg 574w\" sizes=\"(max-width: 600px) 100vw, 600px\" \/>\t\t\t\t\t\t\n\t\t\t\t\t<\/div>\n\t\t\t\t\t\t\t\t\n<style>\n#image_1936611472 {\n  width: 100%;\n}\n<\/style>\n\t<\/div>\n\t\n\t\t<\/div>\n\t\t\t\t\t<\/div>\n\n\t\n\n\t<div id=\"col-1240373299\" class=\"col medium-7 small-12 large-7\"  >\n\t\t\t\t<div class=\"col-inner text-center\"  >\n\t\t\t\n\t\t\t\n<h3 class=\"uppercase\">Johannesbad SPA<\/h3>\n\t<div id=\"text-1195536956\" class=\"text\">\n\t\t\n<p>I hela spa-anl\u00e4ggningen och p\u00e5 hotellet litar man p\u00e5 ecoturbino\u00ae. Det enda vattenbesparande systemet f\u00f6r duschen d\u00e4r duschstr\u00e5len och duschkomforten f\u00f6rblir densamma.<br \/>\n\t\t\n<style>\n#text-1195536956 {\n  font-size: 0.95rem;\n}\n<\/style>\n\t<\/div>\n\t\n<div class=\"text-center\"><div class=\"is-divider divider clearfix\" style=\"margin-top:10px;margin-bottom:10px;max-width:100px;height:1px;\"><\/div><\/div>\n\t<div id=\"text-2745414173\" class=\"text\">\n\t\t\n<p><strong>Bad F\u00fcssing | TYSKLAND<\/strong><br \/>\n\t\t\n<style>\n#text-2745414173 {\n  font-size: 1rem;\n}\n<\/style>\n\t<\/div>\n\t\n\t\t<\/div>\n\t\t\t\t\n<style>\n#col-1240373299 > .col-inner {\n  padding: 0px 5% 0px 5%;\n}\n<\/style>\n\t<\/div>\n\n\t\n<\/div>\n\t\t<\/div>\n\t\t\t\t\n<style>\n#col-72153117 > .col-inner {\n  padding: 10px 10px 10px 10px;\n  border-radius: 10px;\n}\n<\/style>\n\t<\/div>\n\n\t\n\n\t<div id=\"col-1785896675\" class=\"col medium-11 small-12 large-12\"  >\n\t\t\t\t<div class=\"col-inner\" style=\"background-color:rgb(255,255,255);\" >\n\t\t\t\n\t<div class=\"is-border is-dashed\"\n\t\tstyle=\"border-color:rgba(85, 85, 85, 0.75);border-radius:10px;border-width:2px 2px 2px 2px;\">\n\t<\/div>\n\t\t\t\n<div class=\"row row-collapse\"  id=\"row-2112652745\">\n\n\t<div id=\"col-1939584290\" class=\"col medium-5 small-12 large-5\"  >\n\t\t\t\t<div class=\"col-inner\"  >\n\t\t\t\n\t\t\t\n\t<div class=\"img has-hover radius10 x md-x lg-x y md-y lg-y\" id=\"image_435423100\">\n\t\t\t\t\t\t\t\t<div class=\"img-inner image-cover dark\" style=\"padding-top:100%;margin:0px 0px 10px 0px;\">\n\t\t\t<img decoding=\"async\" width=\"600\" height=\"400\" src=\"https:\/\/ecoturbino.shop\/wp-content\/uploads\/2023\/09\/Allianz-Station.jpg\" class=\"attachment-medium size-medium\" alt=\"SK Rapid | Allianz Station Wien\" srcset=\"https:\/\/ecoturbino.shop\/wp-content\/uploads\/2023\/09\/Allianz-Station.jpg 600w, https:\/\/ecoturbino.shop\/wp-content\/uploads\/2023\/09\/Allianz-Station-336x224.jpg 336w, https:\/\/ecoturbino.shop\/wp-content\/uploads\/2023\/09\/Allianz-Station-574x383.jpg 574w\" sizes=\"(max-width: 600px) 100vw, 600px\" \/>\t\t\t\t\t\t\n\t\t\t\t\t<\/div>\n\t\t\t\t\t\t\t\t\n<style>\n#image_435423100 {\n  width: 100%;\n}\n<\/style>\n\t<\/div>\n\t\n\t\t<\/div>\n\t\t\t\t\t<\/div>\n\n\t\n\n\t<div id=\"col-490405435\" class=\"col medium-7 small-12 large-7\"  >\n\t\t\t\t<div class=\"col-inner text-center\"  >\n\t\t\t\n\t\t\t\n<h3 class=\"uppercase\">SK Rapid | Allianz Stadion<\/h3>\n\t<div id=\"text-1295102971\" class=\"text\">\n\t\t\n<p>Under paraplym\u00e4rket \u201cRapid leben\u201d betonar SK Rapid sitt sociala ansvar inom 5 omr\u00e5den.<br \/>\n\t\t\n<style>\n#text-1295102971 {\n  font-size: 0.95rem;\n}\n<\/style>\n\t<\/div>\n\t\n<div class=\"text-center\"><div class=\"is-divider divider clearfix\" style=\"margin-top:10px;margin-bottom:10px;max-width:100px;height:1px;\"><\/div><\/div>\n\t<div id=\"text-622007\" class=\"text\">\n\t\t\n<p><strong>Wien | \u00d6STERRIKE<\/strong><br \/>\n\t\t\n<style>\n#text-622007 {\n  font-size: 1rem;\n}\n<\/style>\n\t<\/div>\n\t\n\t\t<\/div>\n\t\t\t\t\n<style>\n#col-490405435 > .col-inner {\n  padding: 0px 5% 0px 5%;\n}\n<\/style>\n\t<\/div>\n\n\t\n<\/div>\n\t\t<\/div>\n\t\t\t\t\n<style>\n#col-1785896675 > .col-inner {\n  padding: 10px 10px 10px 10px;\n  border-radius: 10px;\n}\n<\/style>\n\t<\/div>\n\n\t\n\n\t<div id=\"col-257921078\" class=\"col medium-11 small-12 large-12\"  >\n\t\t\t\t<div class=\"col-inner\" style=\"background-color:rgb(255,255,255);\" >\n\t\t\t\n\t<div class=\"is-border is-dashed\"\n\t\tstyle=\"border-color:rgba(85, 85, 85, 0.75);border-radius:10px;border-width:2px 2px 2px 2px;\">\n\t<\/div>\n\t\t\t\n<div class=\"row row-collapse\"  id=\"row-669408345\">\n\n\t<div id=\"col-1330393242\" class=\"col medium-5 small-12 large-5\"  >\n\t\t\t\t<div class=\"col-inner\"  >\n\t\t\t\n\t\t\t\n\t<div class=\"img has-hover radius10 x md-x lg-x y md-y lg-y\" id=\"image_1557782952\">\n\t\t\t\t\t\t\t\t<div class=\"img-inner image-cover dark\" style=\"padding-top:100%;margin:0px 0px 10px 0px;\">\n\t\t\t<img decoding=\"async\" width=\"600\" height=\"450\" src=\"https:\/\/ecoturbino.shop\/wp-content\/uploads\/2023\/08\/stanglwirt.jpg\" class=\"attachment-medium size-medium\" alt=\"Stanglwirt\" srcset=\"https:\/\/ecoturbino.shop\/wp-content\/uploads\/2023\/08\/stanglwirt.jpg 600w, https:\/\/ecoturbino.shop\/wp-content\/uploads\/2023\/08\/stanglwirt-336x252.jpg 336w, https:\/\/ecoturbino.shop\/wp-content\/uploads\/2023\/08\/stanglwirt-574x431.jpg 574w\" sizes=\"(max-width: 600px) 100vw, 600px\" \/>\t\t\t\t\t\t\n\t\t\t\t\t<\/div>\n\t\t\t\t\t\t\t\t\n<style>\n#image_1557782952 {\n  width: 100%;\n}\n<\/style>\n\t<\/div>\n\t\n\t\t<\/div>\n\t\t\t\t\t<\/div>\n\n\t\n\n\t<div id=\"col-1594844414\" class=\"col medium-7 small-12 large-7\"  >\n\t\t\t\t<div class=\"col-inner text-center\"  >\n\t\t\t\n\t\t\t\n<h3 class=\"uppercase\">Stanglwirt<br \/>\n<span style=\"font-size: 80%;\">5* Bio &amp; Wellness Resort<\/span><\/h3>\n\t<div id=\"text-266858638\" class=\"text\">\n\t\t\n<p>N\u00e4r det g\u00e4ller komfort och mysighet l\u00e4mnas inget \u00e5t slumpen hos Stanglwirt - j\u00e4mf\u00f6rt med andra testade vattenbesparingssystem var ecoturbino\u00ae helt \u00f6vertygande efter ett praktiskt test.<br \/>\n\t\t\n<style>\n#text-266858638 {\n  font-size: 0.95rem;\n}\n<\/style>\n\t<\/div>\n\t\n<div class=\"text-center\"><div class=\"is-divider divider clearfix\" style=\"margin-top:10px;margin-bottom:10px;max-width:100px;height:1px;\"><\/div><\/div>\n\t<div id=\"text-3008337305\" class=\"text\">\n\t\t\n<p><strong>Kitzb\u00fchel | \u00d6STERRIKE<\/strong><br \/>\n\t\t\n<style>\n#text-3008337305 {\n  font-size: 1rem;\n}\n<\/style>\n\t<\/div>\n\t\n\t\t<\/div>\n\t\t\t\t\n<style>\n#col-1594844414 > .col-inner {\n  padding: 0px 5% 0px 5%;\n}\n<\/style>\n\t<\/div>\n\n\t\n<\/div>\n\t\t<\/div>\n\t\t\t\t\n<style>\n#col-257921078 > .col-inner {\n  padding: 10px 10px 10px 10px;\n  border-radius: 10px;\n}\n<\/style>\n\t<\/div>\n\n\t\n\n\t<div id=\"col-1213485755\" class=\"col medium-11 small-12 large-12\"  >\n\t\t\t\t<div class=\"col-inner\" style=\"background-color:rgb(255,255,255);\" >\n\t\t\t\n\t<div class=\"is-border is-dashed\"\n\t\tstyle=\"border-color:rgba(85, 85, 85, 0.75);border-radius:10px;border-width:2px 2px 2px 2px;\">\n\t<\/div>\n\t\t\t\n<div class=\"row row-collapse\"  id=\"row-1366530501\">\n\n\t<div id=\"col-524998354\" class=\"col medium-5 small-12 large-5\"  >\n\t\t\t\t<div class=\"col-inner\"  >\n\t\t\t\n\t\t\t\n\t<div class=\"img has-hover radius10 x md-x lg-x y md-y lg-y\" id=\"image_222204837\">\n\t\t\t\t\t\t\t\t<div class=\"img-inner image-cover dark\" style=\"padding-top:100%;margin:0px 0px 10px 0px;\">\n\t\t\t<img decoding=\"async\" width=\"600\" height=\"400\" src=\"https:\/\/ecoturbino.shop\/wp-content\/uploads\/2023\/09\/Hotel-Hilton-Wien.jpg\" class=\"attachment-medium size-medium\" alt=\"Hotell Hilton Wien | \u00d6sterrike\" srcset=\"https:\/\/ecoturbino.shop\/wp-content\/uploads\/2023\/09\/Hotel-Hilton-Wien.jpg 600w, https:\/\/ecoturbino.shop\/wp-content\/uploads\/2023\/09\/Hotel-Hilton-Wien-336x224.jpg 336w, https:\/\/ecoturbino.shop\/wp-content\/uploads\/2023\/09\/Hotel-Hilton-Wien-574x383.jpg 574w\" sizes=\"(max-width: 600px) 100vw, 600px\" \/>\t\t\t\t\t\t\n\t\t\t\t\t<\/div>\n\t\t\t\t\t\t\t\t\n<style>\n#image_222204837 {\n  width: 100%;\n}\n<\/style>\n\t<\/div>\n\t\n\t\t<\/div>\n\t\t\t\t\t<\/div>\n\n\t\n\n\t<div id=\"col-225622172\" class=\"col medium-7 small-12 large-7\"  >\n\t\t\t\t<div class=\"col-inner text-center\"  >\n\t\t\t\n\t\t\t\n<h3 class=\"uppercase\">Hilton Wien Park<\/h3>\n\t<div id=\"text-475406167\" class=\"text\">\n\t\t\n<p>Inspirerat av den wienska modernismen och Secession-stilen v\u00e4ntar hotellet sina g\u00e4ster med 3.400 m\u00b2 evenemangsyta, restaurangen \u201cLENZ\u201d, den livliga baren \u201cSelleny's\u201d och Wiens st\u00f6rsta executive lounge med parkterrass.<br \/>\n\t\t\n<style>\n#text-475406167 {\n  font-size: 0.95rem;\n}\n<\/style>\n\t<\/div>\n\t\n<div class=\"text-center\"><div class=\"is-divider divider clearfix\" style=\"margin-top:10px;margin-bottom:10px;max-width:100px;height:1px;\"><\/div><\/div>\n\t<div id=\"text-1725193979\" class=\"text\">\n\t\t\n<p><strong>Wien | \u00d6STERRIKE<\/strong><br \/>\n\t\t\n<style>\n#text-1725193979 {\n  font-size: 1rem;\n}\n<\/style>\n\t<\/div>\n\t\n\t\t<\/div>\n\t\t\t\t\n<style>\n#col-225622172 > .col-inner {\n  padding: 0px 5% 0px 5%;\n}\n<\/style>\n\t<\/div>\n\n\t\n<\/div>\n\t\t<\/div>\n\t\t\t\t\n<style>\n#col-1213485755 > .col-inner {\n  padding: 10px 10px 10px 10px;\n  border-radius: 10px;\n}\n<\/style>\n\t<\/div>\n\n\t\n\n\t<div id=\"col-596931284\" class=\"col medium-11 small-12 large-12\"  >\n\t\t\t\t<div class=\"col-inner\" style=\"background-color:rgb(255,255,255);\" >\n\t\t\t\n\t<div class=\"is-border is-dashed\"\n\t\tstyle=\"border-color:rgba(85, 85, 85, 0.75);border-radius:10px;border-width:2px 2px 2px 2px;\">\n\t<\/div>\n\t\t\t\n<div class=\"row row-collapse\"  id=\"row-1638914319\">\n\n\t<div id=\"col-1592954840\" class=\"col medium-5 small-12 large-5\"  >\n\t\t\t\t<div class=\"col-inner\"  >\n\t\t\t\n\t\t\t\n\t<div class=\"img has-hover radius10 x md-x lg-x y md-y lg-y\" id=\"image_585248491\">\n\t\t\t\t\t\t\t\t<div class=\"img-inner image-cover dark\" style=\"padding-top:100%;margin:0px 0px 10px 0px;\">\n\t\t\t<img decoding=\"async\" width=\"600\" height=\"420\" src=\"https:\/\/ecoturbino.shop\/wp-content\/uploads\/2023\/08\/espan-klinik.jpg\" class=\"attachment-medium size-medium\" alt=\"Espan-Klinik\" srcset=\"https:\/\/ecoturbino.shop\/wp-content\/uploads\/2023\/08\/espan-klinik.jpg 600w, https:\/\/ecoturbino.shop\/wp-content\/uploads\/2023\/08\/espan-klinik-336x235.jpg 336w, https:\/\/ecoturbino.shop\/wp-content\/uploads\/2023\/08\/espan-klinik-574x402.jpg 574w\" sizes=\"(max-width: 600px) 100vw, 600px\" \/>\t\t\t\t\t\t\n\t\t\t\t\t<\/div>\n\t\t\t\t\t\t\t\t\n<style>\n#image_585248491 {\n  width: 100%;\n}\n<\/style>\n\t<\/div>\n\t\n\t\t<\/div>\n\t\t\t\t\t<\/div>\n\n\t\n\n\t<div id=\"col-1203551475\" class=\"col medium-7 small-12 large-7\"  >\n\t\t\t\t<div class=\"col-inner text-center\"  >\n\t\t\t\n\t\t\t\n<h3 class=\"uppercase\">Espan-kliniken<\/h3>\n\t<div id=\"text-1599584492\" class=\"text\">\n\t\t\n<p>Espan-kliniken i utkanten av Schwarzwald har upprepade g\u00e5nger utsetts till en TOP-rehabiliteringsklinik. Med frisk luft fr\u00e5n Schwarzwald, naturlig saltlake och helande vatten finns det en sak som inte f\u00e5r saknas: ecoturbino\u00ae i Legio-variant.<br \/>\n\t\t\n<style>\n#text-1599584492 {\n  font-size: 0.95rem;\n}\n<\/style>\n\t<\/div>\n\t\n<div class=\"text-center\"><div class=\"is-divider divider clearfix\" style=\"margin-top:10px;margin-bottom:10px;max-width:100px;height:1px;\"><\/div><\/div>\n\t<div id=\"text-3860399748\" class=\"text\">\n\t\t\n<p><strong>Bad D\u00fcrrheim | TYSKLAND<\/strong><br \/>\n\t\t\n<style>\n#text-3860399748 {\n  font-size: 1rem;\n}\n<\/style>\n\t<\/div>\n\t\n\t\t<\/div>\n\t\t\t\t\n<style>\n#col-1203551475 > .col-inner {\n  padding: 0px 5% 0px 5%;\n}\n<\/style>\n\t<\/div>\n\n\t\n<\/div>\n\t\t<\/div>\n\t\t\t\t\n<style>\n#col-596931284 > .col-inner {\n  padding: 10px 10px 10px 10px;\n  border-radius: 10px;\n}\n<\/style>\n\t<\/div>\n\n\t\n\n\t<div id=\"col-994937186\" class=\"col medium-11 small-12 large-12\"  >\n\t\t\t\t<div class=\"col-inner\" style=\"background-color:rgb(255,255,255);\" >\n\t\t\t\n\t<div class=\"is-border is-dashed\"\n\t\tstyle=\"border-color:rgba(85, 85, 85, 0.75);border-radius:10px;border-width:2px 2px 2px 2px;\">\n\t<\/div>\n\t\t\t\n<div class=\"row row-collapse\"  id=\"row-309531957\">\n\n\t<div id=\"col-308260930\" class=\"col medium-5 small-12 large-5\"  >\n\t\t\t\t<div class=\"col-inner\"  >\n\t\t\t\n\t\t\t\n\t<div class=\"img has-hover radius10 x md-x lg-x y md-y lg-y\" id=\"image_426728073\">\n\t\t\t\t\t\t\t\t<div class=\"img-inner image-cover dark\" style=\"padding-top:100%;margin:0px 0px 10px 0px;\">\n\t\t\t<img decoding=\"async\" width=\"600\" height=\"432\" src=\"https:\/\/ecoturbino.shop\/wp-content\/uploads\/2023\/08\/genusshotel-riegersburg.jpg\" class=\"attachment-medium size-medium\" alt=\"Genusshotel Riegersburg\" srcset=\"https:\/\/ecoturbino.shop\/wp-content\/uploads\/2023\/08\/genusshotel-riegersburg.jpg 600w, https:\/\/ecoturbino.shop\/wp-content\/uploads\/2023\/08\/genusshotel-riegersburg-336x242.jpg 336w, https:\/\/ecoturbino.shop\/wp-content\/uploads\/2023\/08\/genusshotel-riegersburg-574x413.jpg 574w\" sizes=\"(max-width: 600px) 100vw, 600px\" \/>\t\t\t\t\t\t\n\t\t\t\t\t<\/div>\n\t\t\t\t\t\t\t\t\n<style>\n#image_426728073 {\n  width: 100%;\n}\n<\/style>\n\t<\/div>\n\t\n\t\t<\/div>\n\t\t\t\t\t<\/div>\n\n\t\n\n\t<div id=\"col-491400060\" class=\"col medium-7 small-12 large-7\"  >\n\t\t\t\t<div class=\"col-inner text-center\"  >\n\t\t\t\n\t\t\t\n<h3 class=\"uppercase\">Genusshotel Riegersburg<br \/>\n<span style=\"font-size: 80%;\">4* Hotell<\/span><\/h3>\n\t<div id=\"text-1372691827\" class=\"text\">\n\t\t\n<p>Genusshotel Riegersburg \u00e4r harmoniskt inb\u00e4ddat i en traditionell ving\u00e5rd. H\u00e5llbarhet \u00e4r i f\u00f6rgrunden, med det: ecoturbino\u00ae.<br \/>\n\t\t\n<style>\n#text-1372691827 {\n  font-size: 0.95rem;\n}\n<\/style>\n\t<\/div>\n\t\n<div class=\"text-center\"><div class=\"is-divider divider clearfix\" style=\"margin-top:10px;margin-bottom:10px;max-width:100px;height:1px;\"><\/div><\/div>\n\t<div id=\"text-2545933274\" class=\"text\">\n\t\t\n<p><strong>Riegersburg | \u00d6STERRIKE<\/strong><br \/>\n\t\t\n<style>\n#text-2545933274 {\n  font-size: 1rem;\n}\n<\/style>\n\t<\/div>\n\t\n\t\t<\/div>\n\t\t\t\t\n<style>\n#col-491400060 > .col-inner {\n  padding: 0px 5% 0px 5%;\n}\n<\/style>\n\t<\/div>\n\n\t\n<\/div>\n\t\t<\/div>\n\t\t\t\t\n<style>\n#col-994937186 > .col-inner {\n  padding: 10px 10px 10px 10px;\n  border-radius: 10px;\n}\n<\/style>\n\t<\/div>\n\n\t\n\n\t<div id=\"col-1720652935\" class=\"col medium-11 small-12 large-12\"  >\n\t\t\t\t<div class=\"col-inner\" style=\"background-color:rgb(255,255,255);\" >\n\t\t\t\n\t<div class=\"is-border is-dashed\"\n\t\tstyle=\"border-color:rgba(85, 85, 85, 0.75);border-radius:10px;border-width:2px 2px 2px 2px;\">\n\t<\/div>\n\t\t\t\n<div class=\"row row-collapse\"  id=\"row-1285211231\">\n\n\t<div id=\"col-1951362494\" class=\"col medium-5 small-12 large-5\"  >\n\t\t\t\t<div class=\"col-inner\"  >\n\t\t\t\n\t\t\t\n\t<div class=\"img has-hover radius10 x md-x lg-x y md-y lg-y\" id=\"image_1274529293\">\n\t\t\t\t\t\t\t\t<div class=\"img-inner image-cover dark\" style=\"padding-top:100%;margin:0px 0px 10px 0px;\">\n\t\t\t<img decoding=\"async\" width=\"600\" height=\"400\" src=\"https:\/\/ecoturbino.shop\/wp-content\/uploads\/2023\/09\/Palladium-Club.jpg\" class=\"attachment-medium size-medium\" alt=\"Palladium Club Au | Schweiz\" srcset=\"https:\/\/ecoturbino.shop\/wp-content\/uploads\/2023\/09\/Palladium-Club.jpg 600w, https:\/\/ecoturbino.shop\/wp-content\/uploads\/2023\/09\/Palladium-Club-336x224.jpg 336w, https:\/\/ecoturbino.shop\/wp-content\/uploads\/2023\/09\/Palladium-Club-574x383.jpg 574w\" sizes=\"(max-width: 600px) 100vw, 600px\" \/>\t\t\t\t\t\t\n\t\t\t\t\t<\/div>\n\t\t\t\t\t\t\t\t\n<style>\n#image_1274529293 {\n  width: 100%;\n}\n<\/style>\n\t<\/div>\n\t\n\t\t<\/div>\n\t\t\t\t\t<\/div>\n\n\t\n\n\t<div id=\"col-74937626\" class=\"col medium-7 small-12 large-7\"  >\n\t\t\t\t<div class=\"col-inner text-center\"  >\n\t\t\t\n\t\t\t\n<h3 class=\"uppercase\">Club Palladium<\/h3>\n\t<div id=\"text-3508594282\" class=\"text\">\n\t\t\n<p>Wellness, bastu och massage i en sofistikerad atmosf\u00e4r.<br \/>\n\t\t\n<style>\n#text-3508594282 {\n  font-size: 0.95rem;\n}\n<\/style>\n\t<\/div>\n\t\n<div class=\"text-center\"><div class=\"is-divider divider clearfix\" style=\"margin-top:10px;margin-bottom:10px;max-width:100px;height:1px;\"><\/div><\/div>\n\t<div id=\"text-2083647602\" class=\"text\">\n\t\t\n<p><strong>Au | SCHWEIZ<\/strong><br \/>\n\t\t\n<style>\n#text-2083647602 {\n  font-size: 1rem;\n}\n<\/style>\n\t<\/div>\n\t\n\t\t<\/div>\n\t\t\t\t\n<style>\n#col-74937626 > .col-inner {\n  padding: 0px 5% 0px 5%;\n}\n<\/style>\n\t<\/div>\n\n\t\n<\/div>\n\t\t<\/div>\n\t\t\t\t\n<style>\n#col-1720652935 > .col-inner {\n  padding: 10px 10px 10px 10px;\n  border-radius: 10px;\n}\n<\/style>\n\t<\/div>\n\n\t\n\n\t<div id=\"col-1941690232\" class=\"col medium-11 small-12 large-12\"  >\n\t\t\t\t<div class=\"col-inner\" style=\"background-color:rgb(255,255,255);\" >\n\t\t\t\n\t<div class=\"is-border is-dashed\"\n\t\tstyle=\"border-color:rgba(85, 85, 85, 0.75);border-radius:10px;border-width:2px 2px 2px 2px;\">\n\t<\/div>\n\t\t\t\n<div class=\"row row-collapse\"  id=\"row-505427632\">\n\n\t<div id=\"col-880894130\" class=\"col medium-5 small-12 large-5\"  >\n\t\t\t\t<div class=\"col-inner\"  >\n\t\t\t\n\t\t\t\n\t<div class=\"img has-hover radius10 x md-x lg-x y md-y lg-y\" id=\"image_1311982963\">\n\t\t\t\t\t\t\t\t<div class=\"img-inner image-cover dark\" style=\"padding-top:100%;margin:0px 0px 10px 0px;\">\n\t\t\t<img decoding=\"async\" width=\"600\" height=\"338\" src=\"https:\/\/ecoturbino.shop\/wp-content\/uploads\/2023\/08\/klosterbraeu.jpg\" class=\"attachment-medium size-medium\" alt=\"Klosterbr\u00e4u\" srcset=\"https:\/\/ecoturbino.shop\/wp-content\/uploads\/2023\/08\/klosterbraeu.jpg 600w, https:\/\/ecoturbino.shop\/wp-content\/uploads\/2023\/08\/klosterbraeu-336x189.jpg 336w, https:\/\/ecoturbino.shop\/wp-content\/uploads\/2023\/08\/klosterbraeu-574x323.jpg 574w\" sizes=\"(max-width: 600px) 100vw, 600px\" \/>\t\t\t\t\t\t\n\t\t\t\t\t<\/div>\n\t\t\t\t\t\t\t\t\n<style>\n#image_1311982963 {\n  width: 100%;\n}\n<\/style>\n\t<\/div>\n\t\n\t\t<\/div>\n\t\t\t\t\t<\/div>\n\n\t\n\n\t<div id=\"col-1519274177\" class=\"col medium-7 small-12 large-7\"  >\n\t\t\t\t<div class=\"col-inner text-center\"  >\n\t\t\t\n\t\t\t\n<h3 class=\"uppercase\">Klosterbr\u00e4u<br \/>\n<span style=\"font-size: 80%;\">5* Wellnesshotel<\/span><\/h3>\n\t<div id=\"text-822567158\" class=\"text\">\n\t\t\n<p>Direkt\u00f6ren f\u00f6r det 5* Hotel Klosterbr\u00e4u i Seefeld i Tyrolen vill bara ha det b\u00e4sta f\u00f6r sina g\u00e4ster. L\u00e5gt vattentryck i duscharna skulle vara ett no-go. Med ecoturbino\u00ae f\u00e5r g\u00e4sterna h\u00f6gsta duschkomfort samtidigt som hotellet sparar vatten.<br \/>\n\t\t\n<style>\n#text-822567158 {\n  font-size: 0.95rem;\n}\n<\/style>\n\t<\/div>\n\t\n<div class=\"text-center\"><div class=\"is-divider divider clearfix\" style=\"margin-top:10px;margin-bottom:10px;max-width:100px;height:1px;\"><\/div><\/div>\n\t<div id=\"text-19855916\" class=\"text\">\n\t\t\n<p><strong>Seefeld | \u00d6STERRIKE<\/strong><br \/>\n\t\t\n<style>\n#text-19855916 {\n  font-size: 1rem;\n}\n<\/style>\n\t<\/div>\n\t\n\t\t<\/div>\n\t\t\t\t\n<style>\n#col-1519274177 > .col-inner {\n  padding: 0px 5% 0px 5%;\n}\n<\/style>\n\t<\/div>\n\n\t\n<\/div>\n\t\t<\/div>\n\t\t\t\t\n<style>\n#col-1941690232 > .col-inner {\n  padding: 10px 10px 10px 10px;\n  border-radius: 10px;\n}\n<\/style>\n\t<\/div>\n\n\t\n\n\t<div id=\"col-2097797074\" class=\"col medium-11 small-12 large-12\"  >\n\t\t\t\t<div class=\"col-inner\" style=\"background-color:rgb(255,255,255);\" >\n\t\t\t\n\t<div class=\"is-border is-dashed\"\n\t\tstyle=\"border-color:rgba(85, 85, 85, 0.75);border-radius:10px;border-width:2px 2px 2px 2px;\">\n\t<\/div>\n\t\t\t\n<div class=\"row row-collapse\"  id=\"row-645721884\">\n\n\t<div id=\"col-2027188004\" class=\"col medium-5 small-12 large-5\"  >\n\t\t\t\t<div class=\"col-inner\"  >\n\t\t\t\n\t\t\t\n\t<div class=\"img has-hover radius10 x md-x lg-x y md-y lg-y\" id=\"image_1589915021\">\n\t\t\t\t\t\t\t\t<div class=\"img-inner image-cover dark\" style=\"padding-top:100%;margin:0px 0px 10px 0px;\">\n\t\t\t<img decoding=\"async\" width=\"600\" height=\"400\" src=\"https:\/\/ecoturbino.shop\/wp-content\/uploads\/2023\/09\/clever-fit-Austria.jpg\" class=\"attachment-medium size-medium\" alt=\"Clever Fit Gym \u00d6sterrike\" srcset=\"https:\/\/ecoturbino.shop\/wp-content\/uploads\/2023\/09\/clever-fit-Austria.jpg 600w, https:\/\/ecoturbino.shop\/wp-content\/uploads\/2023\/09\/clever-fit-Austria-336x224.jpg 336w, https:\/\/ecoturbino.shop\/wp-content\/uploads\/2023\/09\/clever-fit-Austria-574x383.jpg 574w\" sizes=\"(max-width: 600px) 100vw, 600px\" \/>\t\t\t\t\t\t\n\t\t\t\t\t<\/div>\n\t\t\t\t\t\t\t\t\n<style>\n#image_1589915021 {\n  width: 100%;\n}\n<\/style>\n\t<\/div>\n\t\n\t\t<\/div>\n\t\t\t\t\t<\/div>\n\n\t\n\n\t<div id=\"col-1213565967\" class=\"col medium-7 small-12 large-7\"  >\n\t\t\t\t<div class=\"col-inner text-center\"  >\n\t\t\t\n\t\t\t\n<h3 class=\"uppercase\">Smart passform<br \/>\n<span style=\"font-size: 80%;\">Fitnessstudio<\/span><\/h3>\n\t<div id=\"text-1218490527\" class=\"text\">\n\t\t\n<p>Europas ledande l\u00e5gpriskedja inom premiumfitness, med huvudkontor i Landsberg am Lech. Koncernen driver f\u00f6r n\u00e4rvarande \u00f6ver 500 studios runt om i Europa. Medlemsantalet har \u00f6kat stadigt under de senaste \u00e5ren, s\u00e5 att kedjan nu har cirka 900.000 medlemmar.<br \/>\n\t\t\n<style>\n#text-1218490527 {\n  font-size: 0.95rem;\n}\n<\/style>\n\t<\/div>\n\t\n<div class=\"text-center\"><div class=\"is-divider divider clearfix\" style=\"margin-top:10px;margin-bottom:10px;max-width:100px;height:1px;\"><\/div><\/div>\n\t<div id=\"text-3695422126\" class=\"text\">\n\t\t\n<p><strong>\u00d6STERRIKE<\/strong><br \/>\n\t\t\n<style>\n#text-3695422126 {\n  font-size: 1rem;\n}\n<\/style>\n\t<\/div>\n\t\n\t\t<\/div>\n\t\t\t\t\n<style>\n#col-1213565967 > .col-inner {\n  padding: 0px 5% 0px 5%;\n}\n<\/style>\n\t<\/div>\n\n\t\n<\/div>\n\t\t<\/div>\n\t\t\t\t\n<style>\n#col-2097797074 > .col-inner {\n  padding: 10px 10px 10px 10px;\n  border-radius: 10px;\n}\n<\/style>\n\t<\/div>\n\n\t\n\n\t<div id=\"col-593335838\" class=\"col medium-11 small-12 large-12\"  >\n\t\t\t\t<div class=\"col-inner\" style=\"background-color:rgb(255,255,255);\" >\n\t\t\t\n\t<div class=\"is-border is-dashed\"\n\t\tstyle=\"border-color:rgba(85, 85, 85, 0.75);border-radius:10px;border-width:2px 2px 2px 2px;\">\n\t<\/div>\n\t\t\t\n<div class=\"row row-collapse\"  id=\"row-1142461411\">\n\n\t<div id=\"col-427205263\" class=\"col medium-5 small-12 large-5\"  >\n\t\t\t\t<div class=\"col-inner\"  >\n\t\t\t\n\t\t\t\n\t<div class=\"img has-hover radius10 x md-x lg-x y md-y lg-y\" id=\"image_1343071428\">\n\t\t\t\t\t\t\t\t<div class=\"img-inner image-cover dark\" style=\"padding-top:100%;margin:0px 0px 10px 0px;\">\n\t\t\t<img decoding=\"async\" width=\"600\" height=\"400\" src=\"https:\/\/ecoturbino.shop\/wp-content\/uploads\/2023\/09\/wiener-sangerknaben.jpg\" class=\"attachment-medium size-medium\" alt=\"Wiens gossk\u00f6r\" srcset=\"https:\/\/ecoturbino.shop\/wp-content\/uploads\/2023\/09\/wiener-sangerknaben.jpg 600w, https:\/\/ecoturbino.shop\/wp-content\/uploads\/2023\/09\/wiener-sangerknaben-336x224.jpg 336w, https:\/\/ecoturbino.shop\/wp-content\/uploads\/2023\/09\/wiener-sangerknaben-574x383.jpg 574w\" sizes=\"(max-width: 600px) 100vw, 600px\" \/>\t\t\t\t\t\t\n\t\t\t\t\t<\/div>\n\t\t\t\t\t\t\t\t\n<style>\n#image_1343071428 {\n  width: 100%;\n}\n<\/style>\n\t<\/div>\n\t\n\t\t<\/div>\n\t\t\t\t\t<\/div>\n\n\t\n\n\t<div id=\"col-1512690002\" class=\"col medium-7 small-12 large-7\"  >\n\t\t\t\t<div class=\"col-inner text-center\"  >\n\t\t\t\n\t\t\t\n<h3 class=\"uppercase\">Wiens gossk\u00f6r<br \/>\n<span style=\"font-size: 80%;\">Das Muth | Konserthus, Scen<\/span><\/h3>\n\t<div id=\"text-2510455134\" class=\"text\">\n\t\t\n<p>I Wien uppr\u00e4tth\u00e5ller de tillsammans med medlemmar ur Wiener Philharmoniker och Wiener Staatsoper en kejserlig tradition som Hofmusikkapelle: sedan 1498 har de regelbundet musicerat i Hofburgkapelle. Sedan 2012 har Wiens gossk\u00f6r sin egen lilla konsertsal.<br \/>\n\t\t\n<style>\n#text-2510455134 {\n  font-size: 0.95rem;\n}\n<\/style>\n\t<\/div>\n\t\n<div class=\"text-center\"><div class=\"is-divider divider clearfix\" style=\"margin-top:10px;margin-bottom:10px;max-width:100px;height:1px;\"><\/div><\/div>\n\t<div id=\"text-4187269116\" class=\"text\">\n\t\t\n<p><strong>Wien-Leopoldstadt | \u00d6STERRIKE<\/strong><br \/>\n\t\t\n<style>\n#text-4187269116 {\n  font-size: 1rem;\n}\n<\/style>\n\t<\/div>\n\t\n\t\t<\/div>\n\t\t\t\t\n<style>\n#col-1512690002 > .col-inner {\n  padding: 0px 5% 0px 5%;\n}\n<\/style>\n\t<\/div>\n\n\t\n<\/div>\n\t\t<\/div>\n\t\t\t\t\n<style>\n#col-593335838 > .col-inner {\n  padding: 10px 10px 10px 10px;\n  border-radius: 10px;\n}\n<\/style>\n\t<\/div>\n\n\t\n\n\t<div id=\"col-103387707\" class=\"col medium-11 small-12 large-12\"  >\n\t\t\t\t<div class=\"col-inner\" style=\"background-color:rgb(255,255,255);\" >\n\t\t\t\n\t<div class=\"is-border is-dashed\"\n\t\tstyle=\"border-color:rgba(85, 85, 85, 0.75);border-radius:10px;border-width:2px 2px 2px 2px;\">\n\t<\/div>\n\t\t\t\n<div class=\"row row-collapse\"  id=\"row-969474197\">\n\n\t<div id=\"col-97967949\" class=\"col medium-5 small-12 large-5\"  >\n\t\t\t\t<div class=\"col-inner\"  >\n\t\t\t\n\t\t\t\n\t<div class=\"img has-hover radius10 x md-x lg-x y md-y lg-y\" id=\"image_935129048\">\n\t\t\t\t\t\t\t\t<div class=\"img-inner image-cover dark\" style=\"padding-top:100%;margin:0px 0px 10px 0px;\">\n\t\t\t<img decoding=\"async\" width=\"600\" height=\"400\" src=\"https:\/\/ecoturbino.shop\/wp-content\/uploads\/2023\/09\/hotel-voesenhuber.jpg\" class=\"attachment-medium size-medium\" alt=\"Hotell V\u00f6senhuber \u00d6sterrike\" srcset=\"https:\/\/ecoturbino.shop\/wp-content\/uploads\/2023\/09\/hotel-voesenhuber.jpg 600w, https:\/\/ecoturbino.shop\/wp-content\/uploads\/2023\/09\/hotel-voesenhuber-336x224.jpg 336w, https:\/\/ecoturbino.shop\/wp-content\/uploads\/2023\/09\/hotel-voesenhuber-574x383.jpg 574w\" sizes=\"(max-width: 600px) 100vw, 600px\" \/>\t\t\t\t\t\t\n\t\t\t\t\t<\/div>\n\t\t\t\t\t\t\t\t\n<style>\n#image_935129048 {\n  width: 100%;\n}\n<\/style>\n\t<\/div>\n\t\n\t\t<\/div>\n\t\t\t\t\t<\/div>\n\n\t\n\n\t<div id=\"col-1265755157\" class=\"col medium-7 small-12 large-7\"  >\n\t\t\t\t<div class=\"col-inner text-center\"  >\n\t\t\t\n\t\t\t\n<h3 class=\"uppercase\">V\u00f6senhuber<br \/>\n<span style=\"font-size: 80%;\">Hotellet<\/span><\/h3>\n\t<div id=\"text-1976696268\" class=\"text\">\n\t\t\n<p>Bara m\u00e5 bra i Mostviertel mitt p\u00e5 den romantiska v\u00e4gen mellan Salzburg och Wien n\u00e4ra Steyr och Enns.<br \/>\n\t\t\n<style>\n#text-1976696268 {\n  font-size: 0.95rem;\n}\n<\/style>\n\t<\/div>\n\t\n<div class=\"text-center\"><div class=\"is-divider divider clearfix\" style=\"margin-top:10px;margin-bottom:10px;max-width:100px;height:1px;\"><\/div><\/div>\n\t<div id=\"text-2130765903\" class=\"text\">\n\t\t\n<p><strong>Ernsthofen | \u00d6STERRIKE<\/strong><br \/>\n\t\t\n<style>\n#text-2130765903 {\n  font-size: 1rem;\n}\n<\/style>\n\t<\/div>\n\t\n\t\t<\/div>\n\t\t\t\t\n<style>\n#col-1265755157 > .col-inner {\n  padding: 0px 5% 0px 5%;\n}\n<\/style>\n\t<\/div>\n\n\t\n<\/div>\n\t\t<\/div>\n\t\t\t\t\n<style>\n#col-103387707 > .col-inner {\n  padding: 10px 10px 10px 10px;\n  border-radius: 10px;\n}\n<\/style>\n\t<\/div>\n\n\t\n\n\t<div id=\"col-1426464984\" class=\"col medium-11 small-12 large-12\"  >\n\t\t\t\t<div class=\"col-inner\" style=\"background-color:rgb(255,255,255);\" >\n\t\t\t\n\t<div class=\"is-border is-dashed\"\n\t\tstyle=\"border-color:rgba(85, 85, 85, 0.75);border-radius:10px;border-width:2px 2px 2px 2px;\">\n\t<\/div>\n\t\t\t\n<div class=\"row row-collapse\"  id=\"row-1959537748\">\n\n\t<div id=\"col-587801042\" class=\"col medium-5 small-12 large-5\"  >\n\t\t\t\t<div class=\"col-inner\"  >\n\t\t\t\n\t\t\t\n\t<div class=\"img has-hover radius10 x md-x lg-x y md-y lg-y\" id=\"image_624059276\">\n\t\t\t\t\t\t\t\t<div class=\"img-inner image-cover dark\" style=\"padding-top:100%;margin:0px 0px 10px 0px;\">\n\t\t\t<img decoding=\"async\" width=\"600\" height=\"400\" src=\"https:\/\/ecoturbino.shop\/wp-content\/uploads\/2023\/09\/vitalium-dr.-plachy-.jpg\" class=\"attachment-medium size-medium\" alt=\"Vitalium Kur Dr. Plachy\" srcset=\"https:\/\/ecoturbino.shop\/wp-content\/uploads\/2023\/09\/vitalium-dr.-plachy-.jpg 600w, https:\/\/ecoturbino.shop\/wp-content\/uploads\/2023\/09\/vitalium-dr.-plachy--336x224.jpg 336w, https:\/\/ecoturbino.shop\/wp-content\/uploads\/2023\/09\/vitalium-dr.-plachy--574x383.jpg 574w\" sizes=\"(max-width: 600px) 100vw, 600px\" \/>\t\t\t\t\t\t\n\t\t\t\t\t<\/div>\n\t\t\t\t\t\t\t\t\n<style>\n#image_624059276 {\n  width: 100%;\n}\n<\/style>\n\t<\/div>\n\t\n\t\t<\/div>\n\t\t\t\t\t<\/div>\n\n\t\n\n\t<div id=\"col-432638830\" class=\"col medium-7 small-12 large-7\"  >\n\t\t\t\t<div class=\"col-inner text-center\"  >\n\t\t\t\n\t\t\t\n<h3 class=\"uppercase\">Vitalium BAd Lauterberg<br \/>\n<span style=\"font-size: 80%;\">Dr. von Plachy Sanatorium<\/span><\/h3>\n\t<div id=\"text-428918261\" class=\"text\">\n\t\t\n<p>I Vitalium Dr. von Plachy \u00e4r du p\u00e5 r\u00e4tt plats f\u00f6r att ladda batterierna. L\u00e4kare i naturl\u00e4kemedel, v\u00e4lutbildade terapeuter och uppm\u00e4rksam servicepersonal finns d\u00e4r f\u00f6r dig.<br \/>\n\t\t\n<style>\n#text-428918261 {\n  font-size: 0.95rem;\n}\n<\/style>\n\t<\/div>\n\t\n<div class=\"text-center\"><div class=\"is-divider divider clearfix\" style=\"margin-top:10px;margin-bottom:10px;max-width:100px;height:1px;\"><\/div><\/div>\n\t<div id=\"text-650368430\" class=\"text\">\n\t\t\n<p><strong>Bad Lauterberg im Harz | DEUTSCHLAND<\/strong><br \/>\n\t\t\n<style>\n#text-650368430 {\n  font-size: 1rem;\n}\n<\/style>\n\t<\/div>\n\t\n\t\t<\/div>\n\t\t\t\t\n<style>\n#col-432638830 > .col-inner {\n  padding: 0px 5% 0px 5%;\n}\n<\/style>\n\t<\/div>\n\n\t\n<\/div>\n\t\t<\/div>\n\t\t\t\t\n<style>\n#col-1426464984 > .col-inner {\n  padding: 10px 10px 10px 10px;\n  border-radius: 10px;\n}\n<\/style>\n\t<\/div>\n\n\t\n\n\t<div id=\"col-4182052\" class=\"col medium-11 small-12 large-12\"  >\n\t\t\t\t<div class=\"col-inner\" style=\"background-color:rgb(255,255,255);\" >\n\t\t\t\n\t<div class=\"is-border is-dashed\"\n\t\tstyle=\"border-color:rgba(85, 85, 85, 0.75);border-radius:10px;border-width:2px 2px 2px 2px;\">\n\t<\/div>\n\t\t\t\n<div class=\"row row-collapse\"  id=\"row-770168603\">\n\n\t<div id=\"col-365247343\" class=\"col medium-5 small-12 large-5\"  >\n\t\t\t\t<div class=\"col-inner\"  >\n\t\t\t\n\t\t\t\n\t<div class=\"img has-hover radius10 x md-x lg-x y md-y lg-y\" id=\"image_204221116\">\n\t\t\t\t\t\t\t\t<div class=\"img-inner image-cover dark\" style=\"padding-top:100%;margin:0px 0px 10px 0px;\">\n\t\t\t<img decoding=\"async\" width=\"600\" height=\"400\" src=\"https:\/\/ecoturbino.shop\/wp-content\/uploads\/2023\/09\/hotel-der-sandwirth.jpg\" class=\"attachment-medium size-medium\" alt=\"Hotel der Sandwirth \u00d6sterrike\" srcset=\"https:\/\/ecoturbino.shop\/wp-content\/uploads\/2023\/09\/hotel-der-sandwirth.jpg 600w, https:\/\/ecoturbino.shop\/wp-content\/uploads\/2023\/09\/hotel-der-sandwirth-336x224.jpg 336w, https:\/\/ecoturbino.shop\/wp-content\/uploads\/2023\/09\/hotel-der-sandwirth-574x383.jpg 574w\" sizes=\"(max-width: 600px) 100vw, 600px\" \/>\t\t\t\t\t\t\n\t\t\t\t\t<\/div>\n\t\t\t\t\t\t\t\t\n<style>\n#image_204221116 {\n  width: 100%;\n}\n<\/style>\n\t<\/div>\n\t\n\t\t<\/div>\n\t\t\t\t\t<\/div>\n\n\t\n\n\t<div id=\"col-1643021804\" class=\"col medium-7 small-12 large-7\"  >\n\t\t\t\t<div class=\"col-inner text-center\"  >\n\t\t\t\n\t\t\t\n<h3 class=\"uppercase\">Der Sandwirth<br \/>\n<span style=\"font-size: 80%;\">Hotellet<\/span><\/h3>\n\t<div id=\"text-3041679739\" class=\"text\">\n\t\t\n<p>G\u00e4sterna p\u00e5 detta hotell uppskattar det centrala l\u00e4get mitt i Klagenfurts stadsk\u00e4rna, det stora urvalet av rum samt den familj\u00e4ra atmosf\u00e4ren och hj\u00e4rtligheten i g\u00e4stservicen.<br \/>\n\t\t\n<style>\n#text-3041679739 {\n  font-size: 0.95rem;\n}\n<\/style>\n\t<\/div>\n\t\n<div class=\"text-center\"><div class=\"is-divider divider clearfix\" style=\"margin-top:10px;margin-bottom:10px;max-width:100px;height:1px;\"><\/div><\/div>\n\t<div id=\"text-815176837\" class=\"text\">\n\t\t\n<p><strong>Klagenfurt | \u00d6STERRIKE<\/strong><br \/>\n\t\t\n<style>\n#text-815176837 {\n  font-size: 1rem;\n}\n<\/style>\n\t<\/div>\n\t\n\t\t<\/div>\n\t\t\t\t\n<style>\n#col-1643021804 > .col-inner {\n  padding: 0px 5% 0px 5%;\n}\n<\/style>\n\t<\/div>\n\n\t\n<\/div>\n\t\t<\/div>\n\t\t\t\t\n<style>\n#col-4182052 > .col-inner {\n  padding: 10px 10px 10px 10px;\n  border-radius: 10px;\n}\n<\/style>\n\t<\/div>\n\n\t\n\n\t<div id=\"col-1959105685\" class=\"col medium-11 small-12 large-12\"  >\n\t\t\t\t<div class=\"col-inner\" style=\"background-color:rgb(255,255,255);\" >\n\t\t\t\n\t<div class=\"is-border is-dashed\"\n\t\tstyle=\"border-color:rgba(85, 85, 85, 0.75);border-radius:10px;border-width:2px 2px 2px 2px;\">\n\t<\/div>\n\t\t\t\n<div class=\"row row-collapse\"  id=\"row-945986384\">\n\n\t<div id=\"col-518367791\" class=\"col medium-5 small-12 large-5\"  >\n\t\t\t\t<div class=\"col-inner\"  >\n\t\t\t\n\t\t\t\n\t<div class=\"img has-hover radius10 x md-x lg-x y md-y lg-y\" id=\"image_1752547157\">\n\t\t\t\t\t\t\t\t<div class=\"img-inner image-cover dark\" style=\"padding-top:100%;margin:0px 0px 10px 0px;\">\n\t\t\t<img decoding=\"async\" width=\"600\" height=\"400\" src=\"https:\/\/ecoturbino.shop\/wp-content\/uploads\/2023\/09\/hotel-cervosa.jpg\" class=\"attachment-medium size-medium\" alt=\"Hotell Cervosa Serfaus\" srcset=\"https:\/\/ecoturbino.shop\/wp-content\/uploads\/2023\/09\/hotel-cervosa.jpg 600w, https:\/\/ecoturbino.shop\/wp-content\/uploads\/2023\/09\/hotel-cervosa-336x224.jpg 336w, https:\/\/ecoturbino.shop\/wp-content\/uploads\/2023\/09\/hotel-cervosa-574x383.jpg 574w\" sizes=\"(max-width: 600px) 100vw, 600px\" \/>\t\t\t\t\t\t\n\t\t\t\t\t<\/div>\n\t\t\t\t\t\t\t\t\n<style>\n#image_1752547157 {\n  width: 100%;\n}\n<\/style>\n\t<\/div>\n\t\n\t\t<\/div>\n\t\t\t\t\t<\/div>\n\n\t\n\n\t<div id=\"col-2008567276\" class=\"col medium-7 small-12 large-7\"  >\n\t\t\t\t<div class=\"col-inner text-center\"  >\n\t\t\t\n\t\t\t\n<h3 class=\"uppercase\">Hotell CERVOSA<br \/>\n<span style=\"font-size: 80%;\">5* Hotell<\/span><\/h3>\n\t<div id=\"text-917860083\" class=\"text\">\n\t\t\n<p>\u201cHur h\u00e5llbarhet och g\u00e4sternas v\u00e4lbefinnande kan kombineras under en semester visar det 5-stj\u00e4rniga wellnesshotellet Cervosa i Serfaus. Tillsammans med <i>ecoturbino<\/i>, Denna str\u00e4van f\u00f6rverkligades p\u00e5 h\u00f6gsta niv\u00e5.\u201d<br \/>\n\t\t\n<style>\n#text-917860083 {\n  font-size: 0.95rem;\n}\n<\/style>\n\t<\/div>\n\t\n<div class=\"text-center\"><div class=\"is-divider divider clearfix\" style=\"margin-top:10px;margin-bottom:10px;max-width:100px;height:1px;\"><\/div><\/div>\n\t<div id=\"text-1438490045\" class=\"text\">\n\t\t\n<p><strong>Serfaus | \u00d6STERRIKE<\/strong><br \/>\n\t\t\n<style>\n#text-1438490045 {\n  font-size: 1rem;\n}\n<\/style>\n\t<\/div>\n\t\n\t\t<\/div>\n\t\t\t\t\n<style>\n#col-2008567276 > .col-inner {\n  padding: 0px 5% 0px 5%;\n}\n<\/style>\n\t<\/div>\n\n\t\n<\/div>\n\t\t<\/div>\n\t\t\t\t\n<style>\n#col-1959105685 > .col-inner {\n  padding: 10px 10px 10px 10px;\n  border-radius: 10px;\n}\n<\/style>\n\t<\/div>\n\n\t\n\n\t<div id=\"col-435443134\" class=\"col medium-11 small-12 large-12\"  >\n\t\t\t\t<div class=\"col-inner\" style=\"background-color:rgb(255,255,255);\" >\n\t\t\t\n\t<div class=\"is-border is-dashed\"\n\t\tstyle=\"border-color:rgba(85, 85, 85, 0.75);border-radius:10px;border-width:2px 2px 2px 2px;\">\n\t<\/div>\n\t\t\t\n<div class=\"row row-collapse\"  id=\"row-1960894003\">\n\n\t<div id=\"col-1785731614\" class=\"col medium-5 small-12 large-5\"  >\n\t\t\t\t<div class=\"col-inner\"  >\n\t\t\t\n\t\t\t\n\t<div class=\"img has-hover radius10 x md-x lg-x y md-y lg-y\" id=\"image_1714329161\">\n\t\t\t\t\t\t\t\t<div class=\"img-inner image-cover dark\" style=\"padding-top:100%;margin:0px 0px 10px 0px;\">\n\t\t\t<img decoding=\"async\" width=\"600\" height=\"400\" src=\"https:\/\/ecoturbino.shop\/wp-content\/uploads\/2023\/09\/hotel-coolnest.jpg\" class=\"attachment-medium size-medium\" alt=\"Hotell coolnest \u00d6sterrike\" srcset=\"https:\/\/ecoturbino.shop\/wp-content\/uploads\/2023\/09\/hotel-coolnest.jpg 600w, https:\/\/ecoturbino.shop\/wp-content\/uploads\/2023\/09\/hotel-coolnest-336x224.jpg 336w, https:\/\/ecoturbino.shop\/wp-content\/uploads\/2023\/09\/hotel-coolnest-574x383.jpg 574w\" sizes=\"(max-width: 600px) 100vw, 600px\" \/>\t\t\t\t\t\t\n\t\t\t\t\t<\/div>\n\t\t\t\t\t\t\t\t\n<style>\n#image_1714329161 {\n  width: 100%;\n}\n<\/style>\n\t<\/div>\n\t\n\t\t<\/div>\n\t\t\t\t\t<\/div>\n\n\t\n\n\t<div id=\"col-392823179\" class=\"col medium-7 small-12 large-7\"  >\n\t\t\t\t<div class=\"col-inner text-center\"  >\n\t\t\t\n\t\t\t\n<h3 class=\"uppercase\">coolaste<br \/>\n<span style=\"font-size: 80%;\">Urban livsstil + designhotell<\/span><\/h3>\n\t<div id=\"text-1779113315\" class=\"text\">\n\t\t\n<p>Inspirerad av naturen. Underbara s\u00e4ngar, en hisnande panoramautsikt, det finaste k\u00f6ket och f\u00f6rmodligen den coolaste takpoolen i Zillertal v\u00e4ntar p\u00e5 dig.<br \/>\n\t\t\n<style>\n#text-1779113315 {\n  font-size: 0.95rem;\n}\n<\/style>\n\t<\/div>\n\t\n<div class=\"text-center\"><div class=\"is-divider divider clearfix\" style=\"margin-top:10px;margin-bottom:10px;max-width:100px;height:1px;\"><\/div><\/div>\n\t<div id=\"text-3183146649\" class=\"text\">\n\t\t\n<p><strong>Zillertal | \u00d6STERRIKE<\/strong><br \/>\n\t\t\n<style>\n#text-3183146649 {\n  font-size: 1rem;\n}\n<\/style>\n\t<\/div>\n\t\n\t\t<\/div>\n\t\t\t\t\n<style>\n#col-392823179 > .col-inner {\n  padding: 0px 5% 0px 5%;\n}\n<\/style>\n\t<\/div>\n\n\t\n<\/div>\n\t\t<\/div>\n\t\t\t\t\n<style>\n#col-435443134 > .col-inner {\n  padding: 10px 10px 10px 10px;\n  border-radius: 10px;\n}\n<\/style>\n\t<\/div>\n\n\t\n<\/div>\n\t\t<\/div>\n\t\t\t\t\t<\/div>\n\n\t\n\n\t<div id=\"col-125477276\" class=\"col medium-6 small-12 large-6\"  >\n\t\t\t\t<div class=\"col-inner\"  >\n\t\t\t\n\t\t\t\n<div class=\"row row-small\"  id=\"row-1743871186\">\n\n\t<div id=\"col-22651935\" class=\"col small-12 large-12\"  >\n\t\t\t\t<div class=\"col-inner\"  >\n\t\t\t\n\t\t\t\n<a data-animate=\"flipInX\" href=\"\/sv\/kontakt\/\" class=\"button primary is-larger expand\" style=\"border-radius:10px;\">\n\t\t<span>Kommersiellt behov av kostnadsbesparingar?<\/span>\n\t<\/a>\n\n\t\t<\/div>\n\t\t\t\t\t<\/div>\n\n\t\n\n\t<div id=\"col-1081718951\" class=\"col medium-11 small-12 large-12\"  >\n\t\t\t\t<div class=\"col-inner\" style=\"background-color:rgb(255,255,255);\" >\n\t\t\t\n\t<div class=\"is-border is-dashed\"\n\t\tstyle=\"border-color:rgba(85, 85, 85, 0.75);border-radius:10px;border-width:2px 2px 2px 2px;\">\n\t<\/div>\n\t\t\t\n<div class=\"row row-collapse\"  id=\"row-2002828263\">\n\n\t<div id=\"col-679889169\" class=\"col medium-5 small-12 large-5\"  >\n\t\t\t\t<div class=\"col-inner\"  >\n\t\t\t\n\t\t\t\n\t<div class=\"img has-hover radius10 x md-x lg-x y md-y lg-y\" id=\"image_570344217\">\n\t\t\t\t\t\t\t\t<div class=\"img-inner image-cover dark\" style=\"padding-top:100%;margin:0px 0px 10px 0px;\">\n\t\t\t<img decoding=\"async\" width=\"600\" height=\"400\" src=\"https:\/\/ecoturbino.shop\/wp-content\/uploads\/2023\/09\/Hotel-Marriot-Seoul.jpg\" class=\"attachment-medium size-medium\" alt=\"Hotell Marriot Seoul | Sydkorea\" srcset=\"https:\/\/ecoturbino.shop\/wp-content\/uploads\/2023\/09\/Hotel-Marriot-Seoul.jpg 600w, https:\/\/ecoturbino.shop\/wp-content\/uploads\/2023\/09\/Hotel-Marriot-Seoul-336x224.jpg 336w, https:\/\/ecoturbino.shop\/wp-content\/uploads\/2023\/09\/Hotel-Marriot-Seoul-574x383.jpg 574w\" sizes=\"(max-width: 600px) 100vw, 600px\" \/>\t\t\t\t\t\t\n\t\t\t\t\t<\/div>\n\t\t\t\t\t\t\t\t\n<style>\n#image_570344217 {\n  width: 100%;\n}\n<\/style>\n\t<\/div>\n\t\n\t\t<\/div>\n\t\t\t\t\t<\/div>\n\n\t\n\n\t<div id=\"col-1763250205\" class=\"col medium-7 small-12 large-7\"  >\n\t\t\t\t<div class=\"col-inner text-center\"  >\n\t\t\t\n\t\t\t\n<h3 class=\"uppercase\">JW Marriott Hotell<br \/>\n<span style=\"font-size: 80%;\">5* Aff\u00e4rshotell<\/span><\/h3>\n\t<div id=\"text-1861031379\" class=\"text\">\n\t\t\n<p>JW Marriott Hotel Seoul erbjuder klassisk lyx i hj\u00e4rtat av Seoul i Gangnam-distriktet i Sydkorea. Se fram emot en 5-stj\u00e4rnig upplevelse mitt bland Seouls mest k\u00e4nda attraktioner. 379 eleganta rum f\u00f6r exklusiva vistelser v\u00e4ntar g\u00e4sterna.<br \/>\n\t\t\n<style>\n#text-1861031379 {\n  font-size: 0.95rem;\n}\n<\/style>\n\t<\/div>\n\t\n<div class=\"text-center\"><div class=\"is-divider divider clearfix\" style=\"margin-top:10px;margin-bottom:10px;max-width:100px;height:1px;\"><\/div><\/div>\n\t<div id=\"text-101085490\" class=\"text\">\n\t\t\n<p><strong>Seoul | Sydkorea<\/strong><br \/>\n\t\t\n<style>\n#text-101085490 {\n  font-size: 1rem;\n}\n<\/style>\n\t<\/div>\n\t\n\t\t<\/div>\n\t\t\t\t\n<style>\n#col-1763250205 > .col-inner {\n  padding: 0px 5% 0px 5%;\n}\n<\/style>\n\t<\/div>\n\n\t\n<\/div>\n\t\t<\/div>\n\t\t\t\t\n<style>\n#col-1081718951 > .col-inner {\n  padding: 10px 10px 10px 10px;\n  border-radius: 10px;\n}\n<\/style>\n\t<\/div>\n\n\t\n\n\t<div id=\"col-285246043\" class=\"col medium-11 small-12 large-12\"  >\n\t\t\t\t<div class=\"col-inner\" style=\"background-color:rgb(255,255,255);\" >\n\t\t\t\n\t<div class=\"is-border is-dashed\"\n\t\tstyle=\"border-color:rgba(85, 85, 85, 0.75);border-radius:10px;border-width:2px 2px 2px 2px;\">\n\t<\/div>\n\t\t\t\n<div class=\"row row-collapse\"  id=\"row-1814810735\">\n\n\t<div id=\"col-352928104\" class=\"col medium-5 small-12 large-5\"  >\n\t\t\t\t<div class=\"col-inner\"  >\n\t\t\t\n\t\t\t\n\t<div class=\"img has-hover radius10 x md-x lg-x y md-y lg-y\" id=\"image_2016394391\">\n\t\t\t\t\t\t\t\t<div class=\"img-inner image-cover dark\" style=\"padding-top:100%;margin:0px 0px 10px 0px;\">\n\t\t\t<img decoding=\"async\" width=\"600\" height=\"400\" src=\"https:\/\/ecoturbino.shop\/wp-content\/uploads\/2023\/10\/JA-Ocean-View-Hotel-Dubai.webp\" class=\"attachment-medium size-medium\" alt=\"JA Ocean View Hotel Dubai\" srcset=\"https:\/\/ecoturbino.shop\/wp-content\/uploads\/2023\/10\/JA-Ocean-View-Hotel-Dubai.webp 600w, https:\/\/ecoturbino.shop\/wp-content\/uploads\/2023\/10\/JA-Ocean-View-Hotel-Dubai-336x224.webp 336w, https:\/\/ecoturbino.shop\/wp-content\/uploads\/2023\/10\/JA-Ocean-View-Hotel-Dubai-574x383.webp 574w\" sizes=\"(max-width: 600px) 100vw, 600px\" \/>\t\t\t\t\t\t\n\t\t\t\t\t<\/div>\n\t\t\t\t\t\t\t\t\n<style>\n#image_2016394391 {\n  width: 100%;\n}\n<\/style>\n\t<\/div>\n\t\n\t\t<\/div>\n\t\t\t\t\t<\/div>\n\n\t\n\n\t<div id=\"col-2029101604\" class=\"col medium-7 small-12 large-7\"  >\n\t\t\t\t<div class=\"col-inner text-center\"  >\n\t\t\t\n\t\t\t\n<h3 class=\"uppercase\">JA Resorts &amp; Hotell<br \/>\n<span style=\"font-size: 80%;\">Dubais st\u00f6rsta upplevelseanl\u00e4ggning<\/span><\/h3>\n\t<div id=\"text-1906512264\" class=\"text\">\n\t\t\n<p>Upplev den ultimata 5-stj\u00e4rniga all inclusive-destinationen vid stranden l\u00e4ngs Dubais or\u00f6rda kust med 3 unika hotell och 1 miljon kvadratmeter med o\u00f6vertr\u00e4ffade upplevelser. Koppla av p\u00e5 800 meter gyllene sand eller njut av mer \u00e4n 40 sp\u00e4nnande fritidsupplevelser.<\/p>\n\t\t\n<style>\n#text-1906512264 {\n  font-size: 0.95rem;\n}\n<\/style>\n\t<\/div>\n\t\n<div class=\"text-center\"><div class=\"is-divider divider clearfix\" style=\"margin-top:10px;margin-bottom:10px;max-width:100px;height:1px;\"><\/div><\/div>\n\t<div id=\"text-494510953\" class=\"text\">\n\t\t\n<p><strong>JA Ocean View Hotel | Dubai<\/strong><\/p>\n\t\t\n<style>\n#text-494510953 {\n  font-size: 1rem;\n}\n<\/style>\n\t<\/div>\n\t\n\t\t<\/div>\n\t\t\t\t\n<style>\n#col-2029101604 > .col-inner {\n  padding: 0px 5% 0px 5%;\n}\n<\/style>\n\t<\/div>\n\n\t\n<\/div>\n\t\t<\/div>\n\t\t\t\t\n<style>\n#col-285246043 > .col-inner {\n  padding: 10px 10px 10px 10px;\n  border-radius: 10px;\n}\n<\/style>\n\t<\/div>\n\n\t\n\n\t<div id=\"col-2042517488\" class=\"col medium-11 small-12 large-12\"  >\n\t\t\t\t<div class=\"col-inner\" style=\"background-color:rgb(255,255,255);\" >\n\t\t\t\n\t<div class=\"is-border is-dashed\"\n\t\tstyle=\"border-color:rgba(85, 85, 85, 0.75);border-radius:10px;border-width:2px 2px 2px 2px;\">\n\t<\/div>\n\t\t\t\n<div class=\"row row-collapse\"  id=\"row-954692395\">\n\n\t<div id=\"col-753742417\" class=\"col medium-5 small-12 large-5\"  >\n\t\t\t\t<div class=\"col-inner\"  >\n\t\t\t\n\t\t\t\n\t<div class=\"img has-hover radius10 x md-x lg-x y md-y lg-y\" id=\"image_311852437\">\n\t\t\t\t\t\t\t\t<div class=\"img-inner image-cover dark\" style=\"padding-top:100%;margin:0px 0px 10px 0px;\">\n\t\t\t<img decoding=\"async\" width=\"600\" height=\"400\" src=\"https:\/\/ecoturbino.shop\/wp-content\/uploads\/2023\/09\/nixe-palace-palma-mallorca.jpg\" class=\"attachment-medium size-medium\" alt=\"Hotell Nixe Palace Palma Mallorca | Spanien\" srcset=\"https:\/\/ecoturbino.shop\/wp-content\/uploads\/2023\/09\/nixe-palace-palma-mallorca.jpg 600w, https:\/\/ecoturbino.shop\/wp-content\/uploads\/2023\/09\/nixe-palace-palma-mallorca-336x224.jpg 336w, https:\/\/ecoturbino.shop\/wp-content\/uploads\/2023\/09\/nixe-palace-palma-mallorca-574x383.jpg 574w\" sizes=\"(max-width: 600px) 100vw, 600px\" \/>\t\t\t\t\t\t\n\t\t\t\t\t<\/div>\n\t\t\t\t\t\t\t\t\n<style>\n#image_311852437 {\n  width: 100%;\n}\n<\/style>\n\t<\/div>\n\t\n\t\t<\/div>\n\t\t\t\t\t<\/div>\n\n\t\n\n\t<div id=\"col-393016016\" class=\"col medium-7 small-12 large-7\"  >\n\t\t\t\t<div class=\"col-inner text-center\"  >\n\t\t\t\n\t\t\t\n<h3 class=\"uppercase\">Hotell Nixe Palace<br \/>\n<span style=\"font-size: 80%;\">5* Hotell med tillg\u00e5ng till stranden<\/span><\/h3>\n\t<div id=\"text-2116707011\" class=\"text\">\n\t\t\n<p>Hotel Nixe Palace ligger i Cala Major-distriktet, inom 16 minuters bilresa fr\u00e5n Palma de Mallorcas flygplats. Hotellet erbjuder 133 rum. J\u00e4mf\u00f6rt med andra testade vattenbesparingssystem var ecoturbino\u00ae helt \u00f6vertygande efter ett praktiskt test.<br \/>\n\t\t\n<style>\n#text-2116707011 {\n  font-size: 0.95rem;\n}\n<\/style>\n\t<\/div>\n\t\n<div class=\"text-center\"><div class=\"is-divider divider clearfix\" style=\"margin-top:10px;margin-bottom:10px;max-width:100px;height:1px;\"><\/div><\/div>\n\t<div id=\"text-2483702811\" class=\"text\">\n\t\t\n<p><strong>Palma | Mallorca | SPANIEN<\/strong><br \/>\n\t\t\n<style>\n#text-2483702811 {\n  font-size: 1rem;\n}\n<\/style>\n\t<\/div>\n\t\n\t\t<\/div>\n\t\t\t\t\n<style>\n#col-393016016 > .col-inner {\n  padding: 0px 5% 0px 5%;\n}\n<\/style>\n\t<\/div>\n\n\t\n<\/div>\n\t\t<\/div>\n\t\t\t\t\n<style>\n#col-2042517488 > .col-inner {\n  padding: 10px 10px 10px 10px;\n  border-radius: 10px;\n}\n<\/style>\n\t<\/div>\n\n\t\n\n\t<div id=\"col-417416606\" class=\"col medium-11 small-12 large-12\"  >\n\t\t\t\t<div class=\"col-inner\" style=\"background-color:rgb(255,255,255);\" >\n\t\t\t\n\t<div class=\"is-border is-dashed\"\n\t\tstyle=\"border-color:rgba(85, 85, 85, 0.75);border-radius:10px;border-width:2px 2px 2px 2px;\">\n\t<\/div>\n\t\t\t\n<div class=\"row row-collapse\"  id=\"row-446266016\">\n\n\t<div id=\"col-1590689349\" class=\"col medium-5 small-12 large-5\"  >\n\t\t\t\t<div class=\"col-inner\"  >\n\t\t\t\n\t\t\t\n\t<div class=\"img has-hover radius10 x md-x lg-x y md-y lg-y\" id=\"image_217865330\">\n\t\t\t\t\t\t\t\t<div class=\"img-inner image-cover dark\" style=\"padding-top:100%;margin:0px 0px 10px 0px;\">\n\t\t\t<img decoding=\"async\" width=\"600\" height=\"400\" src=\"https:\/\/ecoturbino.shop\/wp-content\/uploads\/2023\/09\/Hotel-Pfoesl.jpg\" class=\"attachment-medium size-medium\" alt=\"Hotell Pf\u00f6sl | Sydtyrolen Italien\" srcset=\"https:\/\/ecoturbino.shop\/wp-content\/uploads\/2023\/09\/Hotel-Pfoesl.jpg 600w, https:\/\/ecoturbino.shop\/wp-content\/uploads\/2023\/09\/Hotel-Pfoesl-336x224.jpg 336w, https:\/\/ecoturbino.shop\/wp-content\/uploads\/2023\/09\/Hotel-Pfoesl-574x383.jpg 574w\" sizes=\"(max-width: 600px) 100vw, 600px\" \/>\t\t\t\t\t\t\n\t\t\t\t\t<\/div>\n\t\t\t\t\t\t\t\t\n<style>\n#image_217865330 {\n  width: 100%;\n}\n<\/style>\n\t<\/div>\n\t\n\t\t<\/div>\n\t\t\t\t\t<\/div>\n\n\t\n\n\t<div id=\"col-293443188\" class=\"col medium-7 small-12 large-7\"  >\n\t\t\t\t<div class=\"col-inner text-center\"  >\n\t\t\t\n\t\t\t\n<h3 class=\"uppercase\">Hotell Pf\u00f6sl<br \/>\n<span style=\"font-size: 80%;\">Bergsv\u00e4rlden p\u00e5taglig i naturhotellet<\/span><\/h3>\n\t<div id=\"text-929719943\" class=\"text\">\n\t\t\n<p>En plats d\u00e4r naturliga material m\u00f6ter ljusa utrymmen och modern design: Hotel Pf\u00f6sl i Dolomiterna. De v\u00e4lbekanta strukturerna och dofterna f\u00e5r dig att k\u00e4nna dig omedelbart bekv\u00e4m. Upplev h\u00e4r hur kraften och lugnet fr\u00e5n utsidan tr\u00e4nger djupt in i ditt inre.<br \/>\n\t\t\n<style>\n#text-929719943 {\n  font-size: 0.95rem;\n}\n<\/style>\n\t<\/div>\n\t\n<div class=\"text-center\"><div class=\"is-divider divider clearfix\" style=\"margin-top:10px;margin-bottom:10px;max-width:100px;height:1px;\"><\/div><\/div>\n\t<div id=\"text-2490083231\" class=\"text\">\n\t\t\n<p><strong>Sydtyrolen | ITALIEN<\/strong><br \/>\n\t\t\n<style>\n#text-2490083231 {\n  font-size: 1rem;\n}\n<\/style>\n\t<\/div>\n\t\n\t\t<\/div>\n\t\t\t\t\n<style>\n#col-293443188 > .col-inner {\n  padding: 0px 5% 0px 5%;\n}\n<\/style>\n\t<\/div>\n\n\t\n<\/div>\n\t\t<\/div>\n\t\t\t\t\n<style>\n#col-417416606 > .col-inner {\n  padding: 10px 10px 10px 10px;\n  border-radius: 10px;\n}\n<\/style>\n\t<\/div>\n\n\t\n\n\t<div id=\"col-313018905\" class=\"col medium-11 small-12 large-12\"  >\n\t\t\t\t<div class=\"col-inner\" style=\"background-color:rgb(255,255,255);\" >\n\t\t\t\n\t<div class=\"is-border is-dashed\"\n\t\tstyle=\"border-color:rgba(85, 85, 85, 0.75);border-radius:10px;border-width:2px 2px 2px 2px;\">\n\t<\/div>\n\t\t\t\n<div class=\"row row-collapse\"  id=\"row-1195740354\">\n\n\t<div id=\"col-685355966\" class=\"col medium-5 small-12 large-5\"  >\n\t\t\t\t<div class=\"col-inner\"  >\n\t\t\t\n\t\t\t\n\t<div class=\"img has-hover radius10 x md-x lg-x y md-y lg-y\" id=\"image_112923390\">\n\t\t\t\t\t\t\t\t<div class=\"img-inner image-cover dark\" style=\"padding-top:100%;margin:0px 0px 10px 0px;\">\n\t\t\t<img decoding=\"async\" width=\"600\" height=\"328\" src=\"https:\/\/ecoturbino.shop\/wp-content\/uploads\/2023\/08\/clayton-dublin.jpg\" class=\"attachment-medium size-medium\" alt=\"Clayton Hotel Irland\" srcset=\"https:\/\/ecoturbino.shop\/wp-content\/uploads\/2023\/08\/clayton-dublin.jpg 600w, https:\/\/ecoturbino.shop\/wp-content\/uploads\/2023\/08\/clayton-dublin-336x184.jpg 336w, https:\/\/ecoturbino.shop\/wp-content\/uploads\/2023\/08\/clayton-dublin-574x314.jpg 574w\" sizes=\"(max-width: 600px) 100vw, 600px\" \/>\t\t\t\t\t\t\n\t\t\t\t\t<\/div>\n\t\t\t\t\t\t\t\t\n<style>\n#image_112923390 {\n  width: 100%;\n}\n<\/style>\n\t<\/div>\n\t\n\t\t<\/div>\n\t\t\t\t\t<\/div>\n\n\t\n\n\t<div id=\"col-47169641\" class=\"col medium-7 small-12 large-7\"  >\n\t\t\t\t<div class=\"col-inner text-center\"  >\n\t\t\t\n\t\t\t\n<h3 class=\"uppercase\">Clayton Hotell<br \/>\n<span style=\"font-size: 80%;\">4* Hotell vid flygplatsen<\/span><\/h3>\n\t<div id=\"text-2738553748\" class=\"text\">\n\t\t\n<p>Detta 4*-hotell ligger direkt vid Dublins flygplats och erbjuder sina g\u00e4ster h\u00f6g komfort och en avslappnad atmosf\u00e4r.<br \/>\n\t\t\n<style>\n#text-2738553748 {\n  font-size: 0.95rem;\n}\n<\/style>\n\t<\/div>\n\t\n<div class=\"text-center\"><div class=\"is-divider divider clearfix\" style=\"margin-top:10px;margin-bottom:10px;max-width:100px;height:1px;\"><\/div><\/div>\n\t<div id=\"text-2836937248\" class=\"text\">\n\t\t\n<p><strong>Dublin | IRLAND<\/strong><br \/>\n\t\t\n<style>\n#text-2836937248 {\n  font-size: 1rem;\n}\n<\/style>\n\t<\/div>\n\t\n\t\t<\/div>\n\t\t\t\t\n<style>\n#col-47169641 > .col-inner {\n  padding: 0px 5% 0px 5%;\n}\n<\/style>\n\t<\/div>\n\n\t\n<\/div>\n\t\t<\/div>\n\t\t\t\t\n<style>\n#col-313018905 > .col-inner {\n  padding: 10px 10px 10px 10px;\n  border-radius: 10px;\n}\n<\/style>\n\t<\/div>\n\n\t\n\n\t<div id=\"col-606565637\" class=\"col medium-11 small-12 large-12\"  >\n\t\t\t\t<div class=\"col-inner\" style=\"background-color:rgb(255,255,255);\" >\n\t\t\t\n\t<div class=\"is-border is-dashed\"\n\t\tstyle=\"border-color:rgba(85, 85, 85, 0.75);border-radius:10px;border-width:2px 2px 2px 2px;\">\n\t<\/div>\n\t\t\t\n<div class=\"row row-collapse\"  id=\"row-364986260\">\n\n\t<div id=\"col-1595104746\" class=\"col medium-5 small-12 large-5\"  >\n\t\t\t\t<div class=\"col-inner\"  >\n\t\t\t\n\t\t\t\n\t<div class=\"img has-hover radius10 x md-x lg-x y md-y lg-y\" id=\"image_2042222560\">\n\t\t\t\t\t\t\t\t<div class=\"img-inner image-cover dark\" style=\"padding-top:100%;margin:0px 0px 10px 0px;\">\n\t\t\t<img decoding=\"async\" width=\"600\" height=\"400\" src=\"https:\/\/ecoturbino.shop\/wp-content\/uploads\/2023\/08\/kempinski-das-tirol.jpg\" class=\"attachment-medium size-medium\" alt=\"Kempinski Hotel Das Tirol\" srcset=\"https:\/\/ecoturbino.shop\/wp-content\/uploads\/2023\/08\/kempinski-das-tirol.jpg 600w, https:\/\/ecoturbino.shop\/wp-content\/uploads\/2023\/08\/kempinski-das-tirol-336x224.jpg 336w, https:\/\/ecoturbino.shop\/wp-content\/uploads\/2023\/08\/kempinski-das-tirol-574x383.jpg 574w\" sizes=\"(max-width: 600px) 100vw, 600px\" \/>\t\t\t\t\t\t\n\t\t\t\t\t<\/div>\n\t\t\t\t\t\t\t\t\n<style>\n#image_2042222560 {\n  width: 100%;\n}\n<\/style>\n\t<\/div>\n\t\n\t\t<\/div>\n\t\t\t\t\t<\/div>\n\n\t\n\n\t<div id=\"col-1567249687\" class=\"col medium-7 small-12 large-7\"  >\n\t\t\t\t<div class=\"col-inner text-center\"  >\n\t\t\t\n\t\t\t\n<h3 class=\"uppercase\">Kempinski Hotel Das Tirol<br \/>\n<span style=\"font-size: 80%;\">5*s Hotell<\/span><\/h3>\n\t<div id=\"text-478836396\" class=\"text\">\n\t\t\n<p>Det enda 5-stj\u00e4rniga superiorhotellet i Kitzb\u00fchelalperna erbjuder sina g\u00e4ster unik lyx och komfort.<br \/>\n\t\t\n<style>\n#text-478836396 {\n  font-size: 0.95rem;\n}\n<\/style>\n\t<\/div>\n\t\n<div class=\"text-center\"><div class=\"is-divider divider clearfix\" style=\"margin-top:10px;margin-bottom:10px;max-width:100px;height:1px;\"><\/div><\/div>\n\t<div id=\"text-860574389\" class=\"text\">\n\t\t\n<p><strong>Jochberg | Kitzb\u00fchel Alperna | \u00d6STERRIKE<\/strong><br \/>\n\t\t\n<style>\n#text-860574389 {\n  font-size: 1rem;\n}\n<\/style>\n\t<\/div>\n\t\n\t\t<\/div>\n\t\t\t\t\n<style>\n#col-1567249687 > .col-inner {\n  padding: 0px 5% 0px 5%;\n}\n<\/style>\n\t<\/div>\n\n\t\n<\/div>\n\t\t<\/div>\n\t\t\t\t\n<style>\n#col-606565637 > .col-inner {\n  padding: 10px 10px 10px 10px;\n  border-radius: 10px;\n}\n<\/style>\n\t<\/div>\n\n\t\n\n\t<div id=\"col-765300985\" class=\"col medium-11 small-12 large-12\"  >\n\t\t\t\t<div class=\"col-inner\" style=\"background-color:rgb(255,255,255);\" >\n\t\t\t\n\t<div class=\"is-border is-dashed\"\n\t\tstyle=\"border-color:rgba(85, 85, 85, 0.75);border-radius:10px;border-width:2px 2px 2px 2px;\">\n\t<\/div>\n\t\t\t\n<div class=\"row row-collapse\"  id=\"row-466315103\">\n\n\t<div id=\"col-711375674\" class=\"col medium-5 small-12 large-5\"  >\n\t\t\t\t<div class=\"col-inner\"  >\n\t\t\t\n\t\t\t\n\t<div class=\"img has-hover radius10 x md-x lg-x y md-y lg-y\" id=\"image_1978472600\">\n\t\t\t\t\t\t\t\t<div class=\"img-inner image-cover dark\" style=\"padding-top:100%;margin:0px 0px 10px 0px;\">\n\t\t\t<img decoding=\"async\" width=\"600\" height=\"345\" src=\"https:\/\/ecoturbino.shop\/wp-content\/uploads\/2023\/08\/berau.jpg\" class=\"attachment-medium size-medium\" alt=\"Seecamping Berau\" srcset=\"https:\/\/ecoturbino.shop\/wp-content\/uploads\/2023\/08\/berau.jpg 600w, https:\/\/ecoturbino.shop\/wp-content\/uploads\/2023\/08\/berau-336x193.jpg 336w, https:\/\/ecoturbino.shop\/wp-content\/uploads\/2023\/08\/berau-574x330.jpg 574w\" sizes=\"(max-width: 600px) 100vw, 600px\" \/>\t\t\t\t\t\t\n\t\t\t\t\t<\/div>\n\t\t\t\t\t\t\t\t\n<style>\n#image_1978472600 {\n  width: 100%;\n}\n<\/style>\n\t<\/div>\n\t\n\t\t<\/div>\n\t\t\t\t\t<\/div>\n\n\t\n\n\t<div id=\"col-165849209\" class=\"col medium-7 small-12 large-7\"  >\n\t\t\t\t<div class=\"col-inner text-center\"  >\n\t\t\t\n\t\t\t\n<h3 class=\"uppercase\">Seecamping Berau<br \/>\n<span style=\"font-size: 80%;\">4* Komfort Camping<\/span><\/h3>\n\t<div id=\"text-3099247298\" class=\"text\">\n\t\t\n<p>Den 4-stj\u00e4rniga campingen ligger direkt vid Wolfgangsj\u00f6n mitt i ett vackert naturlandskap med \u00e4ngar och skuggande tr\u00e4d. Till det varierade erbjudandet h\u00f6r moderna sanit\u00e4ra anl\u00e4ggningar utrustade med ecoturbino\u00ae.<br \/>\n\t\t\n<style>\n#text-3099247298 {\n  font-size: 0.95rem;\n}\n<\/style>\n\t<\/div>\n\t\n<div class=\"text-center\"><div class=\"is-divider divider clearfix\" style=\"margin-top:10px;margin-bottom:10px;max-width:100px;height:1px;\"><\/div><\/div>\n\t<div id=\"text-329561205\" class=\"text\">\n\t\t\n<p><strong>Berau | \u00d6STERRIKE<\/strong><br \/>\n\t\t\n<style>\n#text-329561205 {\n  font-size: 1rem;\n}\n<\/style>\n\t<\/div>\n\t\n\t\t<\/div>\n\t\t\t\t\n<style>\n#col-165849209 > .col-inner {\n  padding: 0px 5% 0px 5%;\n}\n<\/style>\n\t<\/div>\n\n\t\n<\/div>\n\t\t<\/div>\n\t\t\t\t\n<style>\n#col-765300985 > .col-inner {\n  padding: 10px 10px 10px 10px;\n  border-radius: 10px;\n}\n<\/style>\n\t<\/div>\n\n\t\n\n\t<div id=\"col-1446519201\" class=\"col medium-11 small-12 large-12\"  >\n\t\t\t\t<div class=\"col-inner\" style=\"background-color:rgb(255,255,255);\" >\n\t\t\t\n\t<div class=\"is-border is-dashed\"\n\t\tstyle=\"border-color:rgba(85, 85, 85, 0.75);border-radius:10px;border-width:2px 2px 2px 2px;\">\n\t<\/div>\n\t\t\t\n<div class=\"row row-collapse\"  id=\"row-834370760\">\n\n\t<div id=\"col-669614841\" class=\"col medium-5 small-12 large-5\"  >\n\t\t\t\t<div class=\"col-inner\"  >\n\t\t\t\n\t\t\t\n\t<div class=\"img has-hover radius10 x md-x lg-x y md-y lg-y\" id=\"image_502300614\">\n\t\t\t\t\t\t\t\t<div class=\"img-inner image-cover dark\" style=\"padding-top:100%;margin:0px 0px 10px 0px;\">\n\t\t\t<img decoding=\"async\" width=\"600\" height=\"428\" src=\"https:\/\/ecoturbino.shop\/wp-content\/uploads\/2023\/08\/hubertushof.jpg\" class=\"attachment-medium size-medium\" alt=\"Hubertushof\" srcset=\"https:\/\/ecoturbino.shop\/wp-content\/uploads\/2023\/08\/hubertushof.jpg 600w, https:\/\/ecoturbino.shop\/wp-content\/uploads\/2023\/08\/hubertushof-336x240.jpg 336w, https:\/\/ecoturbino.shop\/wp-content\/uploads\/2023\/08\/hubertushof-574x409.jpg 574w\" sizes=\"(max-width: 600px) 100vw, 600px\" \/>\t\t\t\t\t\t\n\t\t\t\t\t<\/div>\n\t\t\t\t\t\t\t\t\n<style>\n#image_502300614 {\n  width: 100%;\n}\n<\/style>\n\t<\/div>\n\t\n\t\t<\/div>\n\t\t\t\t\t<\/div>\n\n\t\n\n\t<div id=\"col-1918548690\" class=\"col medium-7 small-12 large-7\"  >\n\t\t\t\t<div class=\"col-inner text-center\"  >\n\t\t\t\n\t\t\t\n<h3 class=\"uppercase\">Hubertushof<br \/>\n<span style=\"font-size: 80%;\">4* Boutiquehotell<\/span><\/h3>\n\t<div id=\"text-2659076233\" class=\"text\">\n\t\t\n<p>Det flerfaldigt prisbel\u00f6nta Hubertushof i Bad Ischl \u00e4r ett 4-stj\u00e4rnigt boutiquehotell med 30 rum och 2 sviter. Hotellet anv\u00e4nder ecoturbino\u00ae f\u00f6r sina duschar, vilket inte bara sparar vatten utan \u00e4ven energi.<br \/>\n\t\t\n<style>\n#text-2659076233 {\n  font-size: 0.95rem;\n}\n<\/style>\n\t<\/div>\n\t\n<div class=\"text-center\"><div class=\"is-divider divider clearfix\" style=\"margin-top:10px;margin-bottom:10px;max-width:100px;height:1px;\"><\/div><\/div>\n\t<div id=\"text-2004944942\" class=\"text\">\n\t\t\n<p><strong>Bad Ischl | \u00d6STERRIKE<\/strong><br \/>\n\t\t\n<style>\n#text-2004944942 {\n  font-size: 1rem;\n}\n<\/style>\n\t<\/div>\n\t\n\t\t<\/div>\n\t\t\t\t\n<style>\n#col-1918548690 > .col-inner {\n  padding: 0px 5% 0px 5%;\n}\n<\/style>\n\t<\/div>\n\n\t\n<\/div>\n\t\t<\/div>\n\t\t\t\t\n<style>\n#col-1446519201 > .col-inner {\n  padding: 10px 10px 10px 10px;\n  border-radius: 10px;\n}\n<\/style>\n\t<\/div>\n\n\t\n\n\t<div id=\"col-1124389641\" class=\"col medium-11 small-12 large-12\"  >\n\t\t\t\t<div class=\"col-inner\" style=\"background-color:rgb(255,255,255);\" >\n\t\t\t\n\t<div class=\"is-border is-dashed\"\n\t\tstyle=\"border-color:rgba(85, 85, 85, 0.75);border-radius:10px;border-width:2px 2px 2px 2px;\">\n\t<\/div>\n\t\t\t\n<div class=\"row row-collapse\"  id=\"row-1720382028\">\n\n\t<div id=\"col-682797578\" class=\"col medium-5 small-12 large-5\"  >\n\t\t\t\t<div class=\"col-inner\"  >\n\t\t\t\n\t\t\t\n\t<div class=\"img has-hover radius10 x md-x lg-x y md-y lg-y\" id=\"image_931530368\">\n\t\t\t\t\t\t\t\t<div class=\"img-inner image-cover dark\" style=\"padding-top:100%;margin:0px 0px 10px 0px;\">\n\t\t\t<img decoding=\"async\" width=\"600\" height=\"450\" src=\"https:\/\/ecoturbino.shop\/wp-content\/uploads\/2023\/08\/prechtlhof.jpg\" class=\"attachment-medium size-medium\" alt=\"Prechtlhof\" srcset=\"https:\/\/ecoturbino.shop\/wp-content\/uploads\/2023\/08\/prechtlhof.jpg 600w, https:\/\/ecoturbino.shop\/wp-content\/uploads\/2023\/08\/prechtlhof-336x252.jpg 336w, https:\/\/ecoturbino.shop\/wp-content\/uploads\/2023\/08\/prechtlhof-574x431.jpg 574w\" sizes=\"(max-width: 600px) 100vw, 600px\" \/>\t\t\t\t\t\t\n\t\t\t\t\t<\/div>\n\t\t\t\t\t\t\t\t\n<style>\n#image_931530368 {\n  width: 100%;\n}\n<\/style>\n\t<\/div>\n\t\n\t\t<\/div>\n\t\t\t\t\t<\/div>\n\n\t\n\n\t<div id=\"col-1151607821\" class=\"col medium-7 small-12 large-7\"  >\n\t\t\t\t<div class=\"col-inner text-center\"  >\n\t\t\t\n\t\t\t\n<h3 class=\"uppercase\">Prechtlhof<br \/>\n<span style=\"font-size: 80%;\">4* Hotell med tr\u00e4dkoja<\/span><\/h3>\n\t<div id=\"text-1737413216\" class=\"text\">\n\t\t\n<p>L\u00e5ngt borta fr\u00e5n buller och liv och r\u00f6relse - i den romantiska gamla staden Althofen - erbjuder det 4 * Hotel Prechtlhof en speciell funktion: en tr\u00e4dkoja p\u00e5 14 meters h\u00f6jd med en hisnande utsikt hela v\u00e4gen till Karawanken.<br \/>\n\t\t\n<style>\n#text-1737413216 {\n  font-size: 0.95rem;\n}\n<\/style>\n\t<\/div>\n\t\n<div class=\"text-center\"><div class=\"is-divider divider clearfix\" style=\"margin-top:10px;margin-bottom:10px;max-width:100px;height:1px;\"><\/div><\/div>\n\t<div id=\"text-2855717506\" class=\"text\">\n\t\t\n<p><strong>Althofen | \u00d6STERRIKE<\/strong><br \/>\n\t\t\n<style>\n#text-2855717506 {\n  font-size: 1rem;\n}\n<\/style>\n\t<\/div>\n\t\n\t\t<\/div>\n\t\t\t\t\n<style>\n#col-1151607821 > .col-inner {\n  padding: 0px 5% 0px 5%;\n}\n<\/style>\n\t<\/div>\n\n\t\n<\/div>\n\t\t<\/div>\n\t\t\t\t\n<style>\n#col-1124389641 > .col-inner {\n  padding: 10px 10px 10px 10px;\n  border-radius: 10px;\n}\n<\/style>\n\t<\/div>\n\n\t\n\n\t<div id=\"col-1167983451\" class=\"col medium-11 small-12 large-12\"  >\n\t\t\t\t<div class=\"col-inner\" style=\"background-color:rgb(255,255,255);\" >\n\t\t\t\n\t<div class=\"is-border is-dashed\"\n\t\tstyle=\"border-color:rgba(85, 85, 85, 0.75);border-radius:10px;border-width:2px 2px 2px 2px;\">\n\t<\/div>\n\t\t\t\n<div class=\"row row-collapse\"  id=\"row-646499449\">\n\n\t<div id=\"col-343809580\" class=\"col medium-5 small-12 large-5\"  >\n\t\t\t\t<div class=\"col-inner\"  >\n\t\t\t\n\t\t\t\n\t<div class=\"img has-hover radius10 x md-x lg-x y md-y lg-y\" id=\"image_1131320749\">\n\t\t\t\t\t\t\t\t<div class=\"img-inner image-cover dark\" style=\"padding-top:100%;margin:0px 0px 10px 0px;\">\n\t\t\t<img decoding=\"async\" width=\"600\" height=\"400\" src=\"https:\/\/ecoturbino.shop\/wp-content\/uploads\/2023\/09\/Hotel-Marriot-Frankfurt.jpg\" class=\"attachment-medium size-medium\" alt=\"Hotel Marriot Frankfurt | Tyskland\" srcset=\"https:\/\/ecoturbino.shop\/wp-content\/uploads\/2023\/09\/Hotel-Marriot-Frankfurt.jpg 600w, https:\/\/ecoturbino.shop\/wp-content\/uploads\/2023\/09\/Hotel-Marriot-Frankfurt-336x224.jpg 336w, https:\/\/ecoturbino.shop\/wp-content\/uploads\/2023\/09\/Hotel-Marriot-Frankfurt-574x383.jpg 574w\" sizes=\"(max-width: 600px) 100vw, 600px\" \/>\t\t\t\t\t\t\n\t\t\t\t\t<\/div>\n\t\t\t\t\t\t\t\t\n<style>\n#image_1131320749 {\n  width: 100%;\n}\n<\/style>\n\t<\/div>\n\t\n\t\t<\/div>\n\t\t\t\t\t<\/div>\n\n\t\n\n\t<div id=\"col-815374605\" class=\"col medium-7 small-12 large-7\"  >\n\t\t\t\t<div class=\"col-inner text-center\"  >\n\t\t\t\n\t\t\t\n<h3 class=\"uppercase\">Frankfurt Marriott Hotel<br \/>\n<span style=\"font-size: 80%;\">Rum och sviter Hotell<\/span><\/h3>\n\t<div id=\"text-510074180\" class=\"text\">\n\t\t\n<p>Marriott Hotel \u00e4r med sina 159 meter det h\u00f6gst bel\u00e4gna hotellet i Tyskland. Det ligger i stadens centrum, mittemot huvuding\u00e5ngen till v\u00e4rldens n\u00e4st st\u00f6rsta utst\u00e4llningscenter.<br \/>\n\t\t\n<style>\n#text-510074180 {\n  font-size: 0.95rem;\n}\n<\/style>\n\t<\/div>\n\t\n<div class=\"text-center\"><div class=\"is-divider divider clearfix\" style=\"margin-top:10px;margin-bottom:10px;max-width:100px;height:1px;\"><\/div><\/div>\n\t<div id=\"text-1701965728\" class=\"text\">\n\t\t\n<p><strong>Frankfurt | TYSKLAND<\/strong><br \/>\n\t\t\n<style>\n#text-1701965728 {\n  font-size: 1rem;\n}\n<\/style>\n\t<\/div>\n\t\n\t\t<\/div>\n\t\t\t\t\n<style>\n#col-815374605 > .col-inner {\n  padding: 0px 5% 0px 5%;\n}\n<\/style>\n\t<\/div>\n\n\t\n<\/div>\n\t\t<\/div>\n\t\t\t\t\n<style>\n#col-1167983451 > .col-inner {\n  padding: 10px 10px 10px 10px;\n  border-radius: 10px;\n}\n<\/style>\n\t<\/div>\n\n\t\n\n\t<div id=\"col-1230295085\" class=\"col medium-11 small-12 large-12\"  >\n\t\t\t\t<div class=\"col-inner\" style=\"background-color:rgb(255,255,255);\" >\n\t\t\t\n\t<div class=\"is-border is-dashed\"\n\t\tstyle=\"border-color:rgba(85, 85, 85, 0.75);border-radius:10px;border-width:2px 2px 2px 2px;\">\n\t<\/div>\n\t\t\t\n<div class=\"row row-collapse\"  id=\"row-1286961275\">\n\n\t<div id=\"col-617742580\" class=\"col medium-5 small-12 large-5\"  >\n\t\t\t\t<div class=\"col-inner\"  >\n\t\t\t\n\t\t\t\n\t<div class=\"img has-hover radius10 x md-x lg-x y md-y lg-y\" id=\"image_712210041\">\n\t\t\t\t\t\t\t\t<div class=\"img-inner image-cover dark\" style=\"padding-top:100%;margin:0px 0px 10px 0px;\">\n\t\t\t<img decoding=\"async\" width=\"600\" height=\"400\" src=\"https:\/\/ecoturbino.shop\/wp-content\/uploads\/2023\/09\/stock-resort-hotel.jpg\" class=\"attachment-medium size-medium\" alt=\"Stock Resort Hotell\" srcset=\"https:\/\/ecoturbino.shop\/wp-content\/uploads\/2023\/09\/stock-resort-hotel.jpg 600w, https:\/\/ecoturbino.shop\/wp-content\/uploads\/2023\/09\/stock-resort-hotel-336x224.jpg 336w, https:\/\/ecoturbino.shop\/wp-content\/uploads\/2023\/09\/stock-resort-hotel-574x383.jpg 574w\" sizes=\"(max-width: 600px) 100vw, 600px\" \/>\t\t\t\t\t\t\n\t\t\t\t\t<\/div>\n\t\t\t\t\t\t\t\t\n<style>\n#image_712210041 {\n  width: 100%;\n}\n<\/style>\n\t<\/div>\n\t\n\t\t<\/div>\n\t\t\t\t\t<\/div>\n\n\t\n\n\t<div id=\"col-88929761\" class=\"col medium-7 small-12 large-7\"  >\n\t\t\t\t<div class=\"col-inner text-center\"  >\n\t\t\t\n\t\t\t\n<h3 class=\"uppercase\">STOCK resort<br \/>\n<span style=\"font-size: 80%;\">5* Superior Hotell<\/span><\/h3>\n\t<div id=\"text-786410747\" class=\"text\">\n\t\t\n<p>Varje \u00f6gonblick \u00e4r v\u00e4rdefullt p\u00e5 STOCK resort i Zillertal. Koppla av i bubbelpoolen eller sola p\u00e5 terrassen. Lyssna till tystnaden eller ditt eget hj\u00e4rtslag. Hitta lugnet inom dig sj\u00e4lv mellan bergspanoramat och utsikten \u00f6ver vattnet.<br \/>\n\t\t\n<style>\n#text-786410747 {\n  font-size: 0.95rem;\n}\n<\/style>\n\t<\/div>\n\t\n<div class=\"text-center\"><div class=\"is-divider divider clearfix\" style=\"margin-top:10px;margin-bottom:10px;max-width:100px;height:1px;\"><\/div><\/div>\n\t<div id=\"text-1274427903\" class=\"text\">\n\t\t\n<p><strong>Finkenberg | \u00d6STERRIKE<\/strong><br \/>\n\t\t\n<style>\n#text-1274427903 {\n  font-size: 1rem;\n}\n<\/style>\n\t<\/div>\n\t\n\t\t<\/div>\n\t\t\t\t\n<style>\n#col-88929761 > .col-inner {\n  padding: 0px 5% 0px 5%;\n}\n<\/style>\n\t<\/div>\n\n\t\n<\/div>\n\t\t<\/div>\n\t\t\t\t\n<style>\n#col-1230295085 > .col-inner {\n  padding: 10px 10px 10px 10px;\n  border-radius: 10px;\n}\n<\/style>\n\t<\/div>\n\n\t\n\n\t<div id=\"col-630146553\" class=\"col medium-11 small-12 large-12\"  >\n\t\t\t\t<div class=\"col-inner\" style=\"background-color:rgb(255,255,255);\" >\n\t\t\t\n\t<div class=\"is-border is-dashed\"\n\t\tstyle=\"border-color:rgba(85, 85, 85, 0.75);border-radius:10px;border-width:2px 2px 2px 2px;\">\n\t<\/div>\n\t\t\t\n<div class=\"row row-collapse\"  id=\"row-2041847894\">\n\n\t<div id=\"col-1374801237\" class=\"col medium-5 small-12 large-5\"  >\n\t\t\t\t<div class=\"col-inner\"  >\n\t\t\t\n\t\t\t\n\t<div class=\"img has-hover radius10 x md-x lg-x y md-y lg-y\" id=\"image_97239692\">\n\t\t\t\t\t\t\t\t<div class=\"img-inner image-cover dark\" style=\"padding-top:100%;margin:0px 0px 10px 0px;\">\n\t\t\t<img decoding=\"async\" width=\"600\" height=\"400\" src=\"https:\/\/ecoturbino.shop\/wp-content\/uploads\/2023\/09\/grandhotel-lienz.jpg\" class=\"attachment-medium size-medium\" alt=\"Grandhotel Lienz\" srcset=\"https:\/\/ecoturbino.shop\/wp-content\/uploads\/2023\/09\/grandhotel-lienz.jpg 600w, https:\/\/ecoturbino.shop\/wp-content\/uploads\/2023\/09\/grandhotel-lienz-336x224.jpg 336w, https:\/\/ecoturbino.shop\/wp-content\/uploads\/2023\/09\/grandhotel-lienz-574x383.jpg 574w\" sizes=\"(max-width: 600px) 100vw, 600px\" \/>\t\t\t\t\t\t\n\t\t\t\t\t<\/div>\n\t\t\t\t\t\t\t\t\n<style>\n#image_97239692 {\n  width: 100%;\n}\n<\/style>\n\t<\/div>\n\t\n\t\t<\/div>\n\t\t\t\t\t<\/div>\n\n\t\n\n\t<div id=\"col-1796602254\" class=\"col medium-7 small-12 large-7\"  >\n\t\t\t\t<div class=\"col-inner text-center\"  >\n\t\t\t\n\t\t\t\n<h3 class=\"uppercase\">Grandhotel Lienz<br \/>\n<span style=\"font-size: 80%;\">5* Luxus Hotell<\/span><\/h3>\n\t<div id=\"text-483997917\" class=\"text\">\n\t\t\n<p>Det lyxiga 5-stj\u00e4rniga hotellet \u00f6vertygar med sin unika elegans samt h\u00f6ga komfort och \u00e4r precis r\u00e4tt destination f\u00f6r en avkopplande semester med stil och charm.<br \/>\n\t\t\n<style>\n#text-483997917 {\n  font-size: 0.95rem;\n}\n<\/style>\n\t<\/div>\n\t\n<div class=\"text-center\"><div class=\"is-divider divider clearfix\" style=\"margin-top:10px;margin-bottom:10px;max-width:100px;height:1px;\"><\/div><\/div>\n\t<div id=\"text-3827337878\" class=\"text\">\n\t\t\n<p><strong>Lienz | \u00d6STERREICH<\/strong><br \/>\n\t\t\n<style>\n#text-3827337878 {\n  font-size: 1rem;\n}\n<\/style>\n\t<\/div>\n\t\n\t\t<\/div>\n\t\t\t\t\n<style>\n#col-1796602254 > .col-inner {\n  padding: 0px 5% 0px 5%;\n}\n<\/style>\n\t<\/div>\n\n\t\n<\/div>\n\t\t<\/div>\n\t\t\t\t\n<style>\n#col-630146553 > .col-inner {\n  padding: 10px 10px 10px 10px;\n  border-radius: 10px;\n}\n<\/style>\n\t<\/div>\n\n\t\n\n\t<div id=\"col-1468771186\" class=\"col medium-11 small-12 large-12\"  >\n\t\t\t\t<div class=\"col-inner\" style=\"background-color:rgb(255,255,255);\" >\n\t\t\t\n\t<div class=\"is-border is-dashed\"\n\t\tstyle=\"border-color:rgba(85, 85, 85, 0.75);border-radius:10px;border-width:2px 2px 2px 2px;\">\n\t<\/div>\n\t\t\t\n<div class=\"row row-collapse\"  id=\"row-1441572147\">\n\n\t<div id=\"col-2009883000\" class=\"col medium-5 small-12 large-5\"  >\n\t\t\t\t<div class=\"col-inner\"  >\n\t\t\t\n\t\t\t\n\t<div class=\"img has-hover radius10 x md-x lg-x y md-y lg-y\" id=\"image_1088292819\">\n\t\t\t\t\t\t\t\t<div class=\"img-inner image-cover dark\" style=\"padding-top:100%;margin:0px 0px 10px 0px;\">\n\t\t\t<img decoding=\"async\" width=\"600\" height=\"400\" src=\"https:\/\/ecoturbino.shop\/wp-content\/uploads\/2023\/09\/fleurs-de-zermatt.jpg\" class=\"attachment-medium size-medium\" alt=\"Fleurs de Zermatt Hotell\" srcset=\"https:\/\/ecoturbino.shop\/wp-content\/uploads\/2023\/09\/fleurs-de-zermatt.jpg 600w, https:\/\/ecoturbino.shop\/wp-content\/uploads\/2023\/09\/fleurs-de-zermatt-336x224.jpg 336w, https:\/\/ecoturbino.shop\/wp-content\/uploads\/2023\/09\/fleurs-de-zermatt-574x383.jpg 574w\" sizes=\"(max-width: 600px) 100vw, 600px\" \/>\t\t\t\t\t\t\n\t\t\t\t\t<\/div>\n\t\t\t\t\t\t\t\t\n<style>\n#image_1088292819 {\n  width: 100%;\n}\n<\/style>\n\t<\/div>\n\t\n\t\t<\/div>\n\t\t\t\t\t<\/div>\n\n\t\n\n\t<div id=\"col-1839349702\" class=\"col medium-7 small-12 large-7\"  >\n\t\t\t\t<div class=\"col-inner text-center\"  >\n\t\t\t\n\t\t\t\n<h3 class=\"uppercase\">Zermatts blommor<br \/>\n<span style=\"font-size: 80%;\">ALPENHotel, N\u00e4ra Matterhorn<br \/>\n<\/span><\/h3>\n\t<div id=\"text-3535666324\" class=\"text\">\n\t\t\n<p>Hela hotellet och vart och ett av de 38 rummen \u00e4r till\u00e4gnade de s\u00e4llsynta blommor som du kan uppt\u00e4cka runt Matterhorn. Som det nyaste hotellet i Zermatt skiner det i ny prakt med alla bekv\u00e4mligheter du kan \u00f6nska dig.<br \/>\n\t\t\n<style>\n#text-3535666324 {\n  font-size: 0.95rem;\n}\n<\/style>\n\t<\/div>\n\t\n<div class=\"text-center\"><div class=\"is-divider divider clearfix\" style=\"margin-top:10px;margin-bottom:10px;max-width:100px;height:1px;\"><\/div><\/div>\n\t<div id=\"text-2070742321\" class=\"text\">\n\t\t\n<p><strong>Zermatt | SCHWEIZ<\/strong><br \/>\n\t\t\n<style>\n#text-2070742321 {\n  font-size: 1rem;\n}\n<\/style>\n\t<\/div>\n\t\n\t\t<\/div>\n\t\t\t\t\n<style>\n#col-1839349702 > .col-inner {\n  padding: 0px 5% 0px 5%;\n}\n<\/style>\n\t<\/div>\n\n\t\n<\/div>\n\t\t<\/div>\n\t\t\t\t\n<style>\n#col-1468771186 > .col-inner {\n  padding: 10px 10px 10px 10px;\n  border-radius: 10px;\n}\n<\/style>\n\t<\/div>\n\n\t\n\n\t<div id=\"col-1574306369\" class=\"col medium-11 small-12 large-12\"  >\n\t\t\t\t<div class=\"col-inner\" style=\"background-color:rgb(255,255,255);\" >\n\t\t\t\n\t<div class=\"is-border is-dashed\"\n\t\tstyle=\"border-color:rgba(85, 85, 85, 0.75);border-radius:10px;border-width:2px 2px 2px 2px;\">\n\t<\/div>\n\t\t\t\n<div class=\"row row-collapse\"  id=\"row-1836444893\">\n\n\t<div id=\"col-113276813\" class=\"col medium-5 small-12 large-5\"  >\n\t\t\t\t<div class=\"col-inner\"  >\n\t\t\t\n\t\t\t\n\t<div class=\"img has-hover radius10 x md-x lg-x y md-y lg-y\" id=\"image_1714800323\">\n\t\t\t\t\t\t\t\t<div class=\"img-inner image-cover dark\" style=\"padding-top:100%;margin:0px 0px 10px 0px;\">\n\t\t\t<img decoding=\"async\" width=\"600\" height=\"400\" src=\"https:\/\/ecoturbino.shop\/wp-content\/uploads\/2023\/09\/Therme-Bad-Gleichenberg-jpg.jpg\" class=\"attachment-medium size-medium\" alt=\"Therme Bad Gleichenberg\" srcset=\"https:\/\/ecoturbino.shop\/wp-content\/uploads\/2023\/09\/Therme-Bad-Gleichenberg-jpg.jpg 600w, https:\/\/ecoturbino.shop\/wp-content\/uploads\/2023\/09\/Therme-Bad-Gleichenberg-jpg-336x224.jpg 336w, https:\/\/ecoturbino.shop\/wp-content\/uploads\/2023\/09\/Therme-Bad-Gleichenberg-jpg-574x383.jpg 574w\" sizes=\"(max-width: 600px) 100vw, 600px\" \/>\t\t\t\t\t\t\n\t\t\t\t\t<\/div>\n\t\t\t\t\t\t\t\t\n<style>\n#image_1714800323 {\n  width: 100%;\n}\n<\/style>\n\t<\/div>\n\t\n\t\t<\/div>\n\t\t\t\t\t<\/div>\n\n\t\n\n\t<div id=\"col-1799166928\" class=\"col medium-7 small-12 large-7\"  >\n\t\t\t\t<div class=\"col-inner text-center\"  >\n\t\t\t\n\t\t\t\n<h3 class=\"uppercase\">Spa f\u00f6r lugn och ro<br \/>\n<span style=\"font-size: 80%;\">Therme Bad Gleichenberg<\/span><\/h3>\n\t<div id=\"text-121354588\" class=\"text\">\n\t\t\n<p>M\u00e5 bra och koppla av. Therme der Ruhe Bad Gleichenberg f\u00f6rtrollar dig l\u00e4ngs \u201clivets v\u00e4g\u201d till en v\u00e4rld av lugn och avkoppling.<br \/>\n\t\t\n<style>\n#text-121354588 {\n  font-size: 0.95rem;\n}\n<\/style>\n\t<\/div>\n\t\n<div class=\"text-center\"><div class=\"is-divider divider clearfix\" style=\"margin-top:10px;margin-bottom:10px;max-width:100px;height:1px;\"><\/div><\/div>\n\t<div id=\"text-3800704920\" class=\"text\">\n\t\t\n<p><strong>Bad Gleichenberg | \u00d6STERRIKE<\/strong><br \/>\n\t\t\n<style>\n#text-3800704920 {\n  font-size: 1rem;\n}\n<\/style>\n\t<\/div>\n\t\n\t\t<\/div>\n\t\t\t\t\n<style>\n#col-1799166928 > .col-inner {\n  padding: 0px 5% 0px 5%;\n}\n<\/style>\n\t<\/div>\n\n\t\n<\/div>\n\t\t<\/div>\n\t\t\t\t\n<style>\n#col-1574306369 > .col-inner {\n  padding: 10px 10px 10px 10px;\n  border-radius: 10px;\n}\n<\/style>\n\t<\/div>\n\n\t\n\n\t<div id=\"col-358986402\" class=\"col medium-11 small-12 large-12\"  >\n\t\t\t\t<div class=\"col-inner\" style=\"background-color:rgb(255,255,255);\" >\n\t\t\t\n\t<div class=\"is-border is-dashed\"\n\t\tstyle=\"border-color:rgba(85, 85, 85, 0.75);border-radius:10px;border-width:2px 2px 2px 2px;\">\n\t<\/div>\n\t\t\t\n<div class=\"row row-collapse\"  id=\"row-481306172\">\n\n\t<div id=\"col-81503682\" class=\"col medium-5 small-12 large-5\"  >\n\t\t\t\t<div class=\"col-inner\"  >\n\t\t\t\n\t\t\t\n\t<div class=\"img has-hover radius10 x md-x lg-x y md-y lg-y\" id=\"image_1321834173\">\n\t\t\t\t\t\t\t\t<div class=\"img-inner image-cover dark\" style=\"padding-top:100%;margin:0px 0px 10px 0px;\">\n\t\t\t<img decoding=\"async\" width=\"600\" height=\"400\" src=\"https:\/\/ecoturbino.shop\/wp-content\/uploads\/2023\/09\/Quellenhotel-Bad-Waltersdor.jpg\" class=\"attachment-medium size-medium\" alt=\"Quellenhotel Bad Waltersdorf\" srcset=\"https:\/\/ecoturbino.shop\/wp-content\/uploads\/2023\/09\/Quellenhotel-Bad-Waltersdor.jpg 600w, https:\/\/ecoturbino.shop\/wp-content\/uploads\/2023\/09\/Quellenhotel-Bad-Waltersdor-336x224.jpg 336w, https:\/\/ecoturbino.shop\/wp-content\/uploads\/2023\/09\/Quellenhotel-Bad-Waltersdor-574x383.jpg 574w\" sizes=\"(max-width: 600px) 100vw, 600px\" \/>\t\t\t\t\t\t\n\t\t\t\t\t<\/div>\n\t\t\t\t\t\t\t\t\n<style>\n#image_1321834173 {\n  width: 100%;\n}\n<\/style>\n\t<\/div>\n\t\n\t\t<\/div>\n\t\t\t\t\n<style>\n#col-81503682 > .col-inner {\n  padding: 0px 0px 10px 0px;\n}\n<\/style>\n\t<\/div>\n\n\t\n\n\t<div id=\"col-2084343076\" class=\"col medium-7 small-12 large-7\"  >\n\t\t\t\t<div class=\"col-inner text-center\"  >\n\t\t\t\n\t\t\t\n<h3 class=\"uppercase\">Quellenhotel<br \/>\n<span style=\"font-size: 80%;\">Heiltherme<\/span><\/h3>\n\t<div id=\"text-3336568645\" class=\"text\">\n\t\t\n<p>Quellenhotel \u00e4r ett insidertips f\u00f6r kulturella, musikaliska eller kulinariska evenemang. Ta tillf\u00e4llet i akt och kombinera ett bes\u00f6k p\u00e5 ett evenemang med en spa-semester.<br \/>\n\t\t\n<style>\n#text-3336568645 {\n  font-size: 0.95rem;\n}\n<\/style>\n\t<\/div>\n\t\n<div class=\"text-center\"><div class=\"is-divider divider clearfix\" style=\"margin-top:10px;margin-bottom:10px;max-width:100px;height:1px;\"><\/div><\/div>\n\t<div id=\"text-688464166\" class=\"text\">\n\t\t\n<p><strong>Bad Waltersdorf | \u00d6STERRIKE<\/strong><br \/>\n\t\t\n<style>\n#text-688464166 {\n  font-size: 1rem;\n}\n<\/style>\n\t<\/div>\n\t\n\t\t<\/div>\n\t\t\t\t\n<style>\n#col-2084343076 > .col-inner {\n  padding: 0px 5% 0px 5%;\n}\n<\/style>\n\t<\/div>\n\n\t\n<\/div>\n\t\t<\/div>\n\t\t\t\t\n<style>\n#col-358986402 > .col-inner {\n  padding: 10px 10px 10px 10px;\n  border-radius: 10px;\n}\n<\/style>\n\t<\/div>\n\n\t\n\n\t<div id=\"col-271027527\" class=\"col medium-11 small-12 large-12\"  >\n\t\t\t\t<div class=\"col-inner\" style=\"background-color:rgb(255,255,255);\" >\n\t\t\t\n\t<div class=\"is-border is-dashed\"\n\t\tstyle=\"border-color:rgba(85, 85, 85, 0.75);border-radius:10px;border-width:2px 2px 2px 2px;\">\n\t<\/div>\n\t\t\t\n<div class=\"row row-collapse\"  id=\"row-1562629910\">\n\n\t<div id=\"col-976371420\" class=\"col medium-5 small-12 large-5\"  >\n\t\t\t\t<div class=\"col-inner\"  >\n\t\t\t\n\t\t\t\n\t<div class=\"img has-hover radius10 x md-x lg-x y md-y lg-y\" id=\"image_1183421021\">\n\t\t\t\t\t\t\t\t<div class=\"img-inner image-cover dark\" style=\"padding-top:100%;margin:0px 0px 10px 0px;\">\n\t\t\t<img decoding=\"async\" width=\"600\" height=\"400\" src=\"https:\/\/ecoturbino.shop\/wp-content\/uploads\/2023\/09\/Hotel-Gamshof.jpg\" class=\"attachment-medium size-medium\" alt=\"Hotell Gamshof \u00d6sterrike\" srcset=\"https:\/\/ecoturbino.shop\/wp-content\/uploads\/2023\/09\/Hotel-Gamshof.jpg 600w, https:\/\/ecoturbino.shop\/wp-content\/uploads\/2023\/09\/Hotel-Gamshof-336x224.jpg 336w, https:\/\/ecoturbino.shop\/wp-content\/uploads\/2023\/09\/Hotel-Gamshof-574x383.jpg 574w\" sizes=\"(max-width: 600px) 100vw, 600px\" \/>\t\t\t\t\t\t\n\t\t\t\t\t<\/div>\n\t\t\t\t\t\t\t\t\n<style>\n#image_1183421021 {\n  width: 100%;\n}\n<\/style>\n\t<\/div>\n\t\n\t\t<\/div>\n\t\t\t\t\t<\/div>\n\n\t\n\n\t<div id=\"col-1105008516\" class=\"col medium-7 small-12 large-7\"  >\n\t\t\t\t<div class=\"col-inner text-center\"  >\n\t\t\t\n\t\t\t\n<h3 class=\"uppercase\">Hotell Gamshof<\/h3>\n\t<div id=\"text-2548772894\" class=\"text\">\n\t\t\n<p>Gamshof \u00e4r den perfekta utg\u00e5ngspunkten f\u00f6r dina sportiga vandringar och skid\u00e4ventyr i Kitzb\u00fchel Alperna eller en promenad genom den pittoreska gamla stan.<br \/>\n\t\t\n<style>\n#text-2548772894 {\n  font-size: 0.95rem;\n}\n<\/style>\n\t<\/div>\n\t\n<div class=\"text-center\"><div class=\"is-divider divider clearfix\" style=\"margin-top:10px;margin-bottom:10px;max-width:100px;height:1px;\"><\/div><\/div>\n\t<div id=\"text-896915007\" class=\"text\">\n\t\t\n<p><strong>Kitzb\u00fchel | \u00d6STERRIKE<\/strong><br \/>\n\t\t\n<style>\n#text-896915007 {\n  font-size: 1rem;\n}\n<\/style>\n\t<\/div>\n\t\n\t\t<\/div>\n\t\t\t\t\n<style>\n#col-1105008516 > .col-inner {\n  padding: 0px 5% 0px 5%;\n}\n<\/style>\n\t<\/div>\n\n\t\n<\/div>\n\t\t<\/div>\n\t\t\t\t\n<style>\n#col-271027527 > .col-inner {\n  padding: 10px 10px 10px 10px;\n  border-radius: 10px;\n}\n<\/style>\n\t<\/div>\n\n\t\n\n\t<div id=\"col-60266743\" class=\"col medium-11 small-12 large-12\"  >\n\t\t\t\t<div class=\"col-inner\" style=\"background-color:rgb(255,255,255);\" >\n\t\t\t\n\t<div class=\"is-border is-dashed\"\n\t\tstyle=\"border-color:rgba(85, 85, 85, 0.75);border-radius:10px;border-width:2px 2px 2px 2px;\">\n\t<\/div>\n\t\t\t\n<div class=\"row row-collapse\"  id=\"row-342208107\">\n\n\t<div id=\"col-94686130\" class=\"col medium-5 small-12 large-5\"  >\n\t\t\t\t<div class=\"col-inner\"  >\n\t\t\t\n\t\t\t\n\t<div class=\"img has-hover radius10 x md-x lg-x y md-y lg-y\" id=\"image_1933428242\">\n\t\t\t\t\t\t\t\t<div class=\"img-inner image-cover dark\" style=\"padding-top:100%;margin:0px 0px 10px 0px;\">\n\t\t\t<img decoding=\"async\" width=\"600\" height=\"400\" src=\"https:\/\/ecoturbino.shop\/wp-content\/uploads\/2023\/09\/Palais-Hansen-Kempinski-Wie.jpg\" class=\"attachment-medium size-medium\" alt=\"Palais HansenKempinski Wien\" srcset=\"https:\/\/ecoturbino.shop\/wp-content\/uploads\/2023\/09\/Palais-Hansen-Kempinski-Wie.jpg 600w, https:\/\/ecoturbino.shop\/wp-content\/uploads\/2023\/09\/Palais-Hansen-Kempinski-Wie-336x224.jpg 336w, https:\/\/ecoturbino.shop\/wp-content\/uploads\/2023\/09\/Palais-Hansen-Kempinski-Wie-574x383.jpg 574w\" sizes=\"(max-width: 600px) 100vw, 600px\" \/>\t\t\t\t\t\t\n\t\t\t\t\t<\/div>\n\t\t\t\t\t\t\t\t\n<style>\n#image_1933428242 {\n  width: 100%;\n}\n<\/style>\n\t<\/div>\n\t\n\t\t<\/div>\n\t\t\t\t\t<\/div>\n\n\t\n\n\t<div id=\"col-2043809750\" class=\"col medium-7 small-12 large-7\"  >\n\t\t\t\t<div class=\"col-inner text-center\"  >\n\t\t\t\n\t\t\t\n<h3 class=\"uppercase\">Palais Hansen Kempinski<br \/>\n<span style=\"font-size: 80%;\">5* LuxusHotel<\/span><\/h3>\n\t<div id=\"text-1588349371\" class=\"text\">\n\t\t\n<p>Det femstj\u00e4rniga lyxhotellet Palais Hansen Kempinski ligger i centrala Wien, direkt vid Wiens ber\u00f6mda Ringstrasse, och erbjuder en exklusiv livsstil i ett kulturminnesm\u00e4rkt palats.<br \/>\n\t\t\n<style>\n#text-1588349371 {\n  font-size: 0.95rem;\n}\n<\/style>\n\t<\/div>\n\t\n<div class=\"text-center\"><div class=\"is-divider divider clearfix\" style=\"margin-top:10px;margin-bottom:10px;max-width:100px;height:1px;\"><\/div><\/div>\n\t<div id=\"text-3854655615\" class=\"text\">\n\t\t\n<p><strong>Wien | \u00d6STERRIKE<\/strong><br \/>\n\t\t\n<style>\n#text-3854655615 {\n  font-size: 1rem;\n}\n<\/style>\n\t<\/div>\n\t\n\t\t<\/div>\n\t\t\t\t\n<style>\n#col-2043809750 > .col-inner {\n  padding: 0px 5% 0px 5%;\n}\n<\/style>\n\t<\/div>\n\n\t\n<\/div>\n\t\t<\/div>\n\t\t\t\t\n<style>\n#col-60266743 > .col-inner {\n  padding: 10px 10px 10px 10px;\n  border-radius: 10px;\n}\n<\/style>\n\t<\/div>\n\n\t\n<\/div>\n\t\t<\/div>\n\t\t\t\t\t<\/div>\n\n\t\n<\/div>\n<div class=\"row\"  id=\"row-1882777162\">\n\n\t<div id=\"col-671688399\" class=\"col small-12 large-12\"  >\n\t\t\t\t<div class=\"col-inner\"  >\n\t\t\t\n\t\t\t\n\t<div id=\"gap-831807454\" class=\"gap-element clearfix\" style=\"display:block; height:auto;\">\n\t\t\n<style>\n#gap-831807454 {\n  padding-top: 30px;\n}\n<\/style>\n\t<\/div>\n\t\r\n\r\n\t<div id=\"text-2126542611\" class=\"text\">\n\t\t\r\n<h3>Och antalet forts\u00e4tter att v\u00e4xa - de som dagligen sparar (varm)vatten och energi med ecoturbino!<\/h3>\r\n<strong>Man m\u00e5ste helt enkelt prova det sj\u00e4lv och se hur v\u00e4l det fungerar inom ens egna fyra v\u00e4ggar, samtidigt som man sparar en betydande summa pengar.<\/strong>\r\n\t\t\n<style>\n#text-2126542611 {\n  text-align: center;\n}\n<\/style>\n\t<\/div>\n\t\r\n<div class=\"is-divider divider clearfix\" style=\"max-width:100%;height:1px;\"><\/div>\r\n\r\n<div class=\"row\"  id=\"row-312326692\">\r\n\r\n\n\t<div id=\"col-158836419\" class=\"col medium-6 small-12 large-6\"  >\n\t\t\t\t<div class=\"col-inner\"  >\n\t\t\t\n\t\t\t\r\n<ul>\r\n \t<li class=\"bullet-arrow\"><a title=\"Fitnessstudios Injoy, O\u00d6\" href=\"https:\/\/www.injoy-linz.at\/fitnessstudio-linz.html\" target=\"_blank\" rel=\"noopener sponsored\">Fitnessstudios Injoy, O\u00d6<\/a><\/li>\r\n \t<li class=\"bullet-arrow\"><a title=\"Hotel Messmer Bregenz: Semester i Bodensee\" href=\"https:\/\/www.hotel-messmer.at\/\" target=\"_blank\" rel=\"noopener sponsored\">Hotel Messmer, Bregenz<\/a><\/li>\r\n \t<li class=\"bullet-arrow\"><a title=\"H\u00e4lsocenter Am Kokl, St Georgen\" href=\"https:\/\/amkogl.at\/gva-gesundheitsvorsorge-aktiv\/\" target=\"_blank\" rel=\"noopener sponsored\">H\u00e4lsocenter Am Kokl, St Georgen<\/a><\/li>\r\n \t<li class=\"bullet-arrow\"><a title=\"Landessportzentrum N\u00d6, St. P\u00f6lten\" href=\"https:\/\/www.sportzentrum-noe.at\/\" target=\"_blank\" rel=\"noopener sponsored\">Landessportzentrum N\u00d6, St. P\u00f6lten<\/a><\/li>\r\n \t<li class=\"bullet-arrow\"><a title=\"Harrys hem, Linz\" href=\"https:\/\/harrys-home.com\/linz-urfahr\/\" target=\"_blank\" rel=\"noopener sponsored\">Harrys hem, Linz<\/a><\/li>\r\n \t<li class=\"bullet-arrow\"><a title=\"Hotell Ambassador, Wien\" href=\"https:\/\/www.ambassador.at\/zimmer\" target=\"_blank\" rel=\"noopener sponsored\">Hotell Ambassador, Wien<\/a><\/li>\r\n \t<li class=\"bullet-arrow\"><a title=\"Hotell Nixe Palace | Palma Mallorca - Spanien\" href=\"https:\/\/nixe-palace.palmademallorcahotels.org\/de\/\" target=\"_blank\" rel=\"noopener sponsored\">Hotell Nixe Palace | Palma Mallorca - Spanien<\/a><\/li>\r\n \t<li class=\"bullet-arrow\"><a title=\"JW Marriott Hotel Seoul | Sydkorea\" href=\"https:\/\/www.marriott.com\/de\/hotels\/seljw-jw-marriott-hotel-seoul\/overview\/\" target=\"_blank\" rel=\"noopener sponsored\">JW Marriott Hotel Seoul | Sydkorea<\/a><\/li>\r\n \t<li class=\"bullet-arrow\"><a title=\"Club Palladium | Schweiz\" href=\"https:\/\/palladium-au.ch\/en\/standort-en\/\" target=\"_blank\" rel=\"noopener sponsored\">Club Palladium | Schweiz<\/a><\/li>\r\n \t<li class=\"bullet-arrow\"><a title=\"smart passform | \u00d6sterrike\" href=\"https:\/\/www.clever-fit.com\/\" target=\"_blank\" rel=\"noopener sponsored\"> smart passform | \u00d6sterrike<\/a><\/li>\r\n \t<li class=\"bullet-arrow\"><a title=\"Hotell Palais Hansen Kempinski Wien| \u00d6sterrike\" href=\"https:\/\/www.kempinski.com\/\" target=\"_blank\" rel=\"noopener sponsored\"> Hotell Palais Hansen Kempinski Wien | \u00d6sterrike <\/a><\/li>\r\n \t<li class=\"bullet-arrow\"><a title=\"Wiener S\u00e4ngerknaben| \u00d6sterrike\" href=\"https:\/\/wsk.at\/\" target=\"_blank\" rel=\"noopener sponsored\">Wiener S\u00e4ngerknaben| \u00d6sterrike<\/a><\/li>\r\n \t<li class=\"bullet-arrow\"><a title=\"STOCK resort 5*Hotel|\u00d6sterrike\" href=\"https:\/\/www.stock.at\/de\/\" target=\"_blank\" rel=\"noopener sponsored\"> STOCK resort 5*Hotel| \u00d6sterrike<\/a><\/li>\r\n \t<li class=\"bullet-arrow\"><a title=\"Grandhotel Lienz | \u00d6sterrike\" href=\"https:\/\/www.grandhotel-lienz.com\/de\" target=\"_blank\" rel=\"noopener sponsored\"> Grandhotel Lienz | \u00d6sterrike<\/a><\/li>\r\n \t<li class=\"bullet-arrow\"><a title=\"Fleurs de Zermatt | Alpenhotel | Schweiz\" href=\"http:\/\/www.fleursdezermatt.ch\/\" target=\"_blank\" rel=\"noopener sponsored\"> Fleurs de Zermatt | Alpenhotel | Schweiz<\/a><\/li>\r\n \t<li class=\"bullet-arrow\"><a title=\"HOTEL*** V\u00d6SENHUBER | \u00d6sterrike\" href=\"https:\/\/voesenhuber.com\/\" target=\"_blank\" rel=\"noopener sponsored\"> HOTEL*** V\u00d6SENHUBER | \u00d6sterrike<\/a><\/li>\r\n \t<li class=\"bullet-arrow\"><a title=\"Design Hotel coolnest Zillertal | \u00d6sterrike\" href=\"https:\/\/www.ebners-waldhof.at\/en\" target=\"_blank\" rel=\"noopener sponsored\">Ebner's Waldhof am See | \u00d6sterrike<\/a><\/li>\r\n<\/ul>\r\n\t\t<\/div>\n\t\t\t\t\t<\/div>\n\n\t\r\n\n\t<div id=\"col-821109102\" class=\"col medium-6 small-12 large-6\"  >\n\t\t\t\t<div class=\"col-inner\"  >\n\t\t\t\n\t\t\t\r\n<ul>\r\n \t<li class=\"bullet-arrow\"><a title=\"Home4Studenter\" href=\"https:\/\/www.home4students.at\/en\/our-dormitories\/dormitories-vienna\/\" target=\"_blank\" rel=\"noopener sponsored\">Home4Students studentbost\u00e4der, Wien<\/a><\/li>\r\n \t<li class=\"bullet-arrow\"><a title=\"Biohotel Schloss Wartegg, Bodensee CH\" href=\"https:\/\/wartegg.ch\/photos\/zimmer\/\" target=\"_blank\" rel=\"noopener sponsored\">Biohotel Schloss Wartegg, Bodensee CH<\/a><\/li>\r\n \t<li class=\"bullet-arrow\"><a title=\"Vortuna Gesundheitsresort, Bad Leonfelden\" href=\"https:\/\/www.vortuna.at\/kur-gva\/\" target=\"_blank\" rel=\"noopener sponsored\">Vortuna Gesundheitsresort, Bad Leonfelden<\/a><\/li>\r\n \t<li class=\"bullet-arrow\"><a title=\"SOS-Kinderd\u00f6rfer\" href=\"https:\/\/www.sos-kinderdorf.at\" target=\"_blank\" rel=\"noopener sponsored\">SOS-Kinderd\u00f6rfer<\/a><\/li>\r\n \t<li class=\"bullet-arrow\"><a title=\"Naturhotell Forsthofgut, Leogang\" href=\"https:\/\/www.forsthofgut.at\/de\/waldspa\/\" target=\"_blank\" rel=\"noopener sponsored\">Naturhotell Forsthofgut, Leogang<\/a><\/li>\r\n \t<li class=\"bullet-arrow\"><a title=\"Hotell Pf\u00f6sl, S\u00fcdtirol\" href=\"https:\/\/www.pfoesl.it\/de\/naturhotel-dolomiten\/1-0.html\" target=\"_blank\" rel=\"noopener sponsored\">Hotell Pf\u00f6sl, S\u00fcdtirol<\/a><\/li>\r\n \t<li class=\"bullet-arrow\"><a title=\"Frankfurt Marriott Hotel\" href=\"https:\/\/www.marriott.com\/en-us\/hotels\/fradt-frankfurt-marriott-hotel\/overview\/\" target=\"_blank\" rel=\"noopener sponsored\">Frankfurt Marriott Hotel<\/a><\/li>\r\n \t<li class=\"bullet-arrow\"><a title=\"Hilton Vienna Park Hotell\" href=\"https:\/\/www.hilton.com\/de\/hotels\/viehitw-hilton-vienna-park\/\" target=\"_blank\" rel=\"noopener sponsored\">Hilton Vienna Park Hotell<\/a><\/li>\r\n \t<li class=\"bullet-arrow\"><a title=\"SK Rapid | Allianz Stadium\" href=\"https:\/\/www.skrapid.at\/de\/startseite\/verein\/der-sk-rapid\/allianz-stadion\" target=\"_blank\" rel=\"noopener sponsored\">SK Rapid | Allianz Stadium<\/a><\/li>\r\n \t<li class=\"bullet-arrow\"><a title=\"Vitalium Dr. von Plachy | Tyskland\" href=\"https:\/\/www.vitalium-badlauterberg.de\/\" target=\"_blank\" rel=\"noopener sponsored\"> Vitalium Dr. von Plachy | Tyskland<\/a><\/li>\r\n \t<li class=\"bullet-arrow\"><a title=\"Hotel Der Sandwirth | \u00d6sterrike\" href=\"https:\/\/sandwirth.at\/\" target=\"_blank\" rel=\"noopener sponsored\">Hotel Der Sandwirth | \u00d6sterrike<\/a><\/li>\r\n \t<li class=\"bullet-arrow\"><a title=\"Therme Bad Gleichenberg | \u00d6sterrike\" href=\"https:\/\/diethermederruhe.at\/\" target=\"_blank\" rel=\"noopener sponsored\">Therme Bad Gleichenberg | \u00d6sterrike<\/a><\/li>\r\n \t<li class=\"bullet-arrow\"><a title=\" QUELLENHOTEL HEILTHERME BAD WALTERSDORF | \u00d6sterrike\" href=\"https:\/\/www.heiltherme.at\/\" target=\"_blank\" rel=\"noopener sponsored\"> QUELLENHOTEL HEILTHERME BAD WALTERSDORF | \u00d6sterrike<\/a><\/li>\r\n \t<li class=\"bullet-arrow\"><a title=\"Hotell Gamshof Kitzb\u00fchel | \u00d6sterrike\" href=\"https:\/\/gamshof.at\/\" target=\"_blank\" rel=\"noopener sponsored\">Hotell Gamshof Kitzb\u00fchel | \u00d6sterrike<\/a><\/li>\r\n \t<li class=\"bullet-arrow\"><a title=\"Design Hotel coolnest Zillertal | \u00d6sterrike\" href=\"https:\/\/coolnest.at\/\" target=\"_blank\" rel=\"noopener sponsored\"> Design Hotel coolnest | \u00d6sterrike<\/a><\/li>\r\n \t<li class=\"bullet-arrow\"><a title=\"5* Hotel Cervosa Serfaus | \u00d6sterrike\" href=\"https:\/\/www.cervosa.com\/de\/\" target=\"_blank\" rel=\"noopener sponsored\">5* Hotel Cervosa Serfaus | \u00d6sterrike<\/a><\/li>\r\n \t<li class=\"bullet-arrow\"><a title=\"JA Resorts &amp; Hotels | Dubai\" href=\"https:\/\/www.jaresortshotels.com\/dubai\/ja-ocean-view-hotel\" target=\"_blank\" rel=\"noopener sponsored\">JA Ocean View Hotel | Dubai<\/a><\/li>\r\n<\/ul>\r\n\t\t<\/div>\n\t\t\t\t\t<\/div>\n\n\t\r\n\r\n<\/div>\n\t\t<\/div>\n\t\t\t\t\t<\/div>\n\n\t\n<\/div>","protected":false},"excerpt":{"rendered":"","protected":false},"author":1319,"featured_media":47911,"parent":0,"menu_order":0,"comment_status":"closed","ping_status":"closed","template":"page-blank.php","meta":{"inline_featured_image":false,"footnotes":""},"class_list":["post-46818","page","type-page","status-publish","has-post-thumbnail","hentry"],"_links":{"self":[{"href":"https:\/\/ecoturbino.shop\/sv\/wp-json\/wp\/v2\/pages\/46818","targetHints":{"allow":["GET"]}}],"collection":[{"href":"https:\/\/ecoturbino.shop\/sv\/wp-json\/wp\/v2\/pages"}],"about":[{"href":"https:\/\/ecoturbino.shop\/sv\/wp-json\/wp\/v2\/types\/page"}],"author":[{"embeddable":true,"href":"https:\/\/ecoturbino.shop\/sv\/wp-json\/wp\/v2\/users\/1319"}],"replies":[{"embeddable":true,"href":"https:\/\/ecoturbino.shop\/sv\/wp-json\/wp\/v2\/comments?post=46818"}],"version-history":[{"count":0,"href":"https:\/\/ecoturbino.shop\/sv\/wp-json\/wp\/v2\/pages\/46818\/revisions"}],"wp:featuredmedia":[{"embeddable":true,"href":"https:\/\/ecoturbino.shop\/sv\/wp-json\/wp\/v2\/media\/47911"}],"wp:attachment":[{"href":"https:\/\/ecoturbino.shop\/sv\/wp-json\/wp\/v2\/media?parent=46818"}],"curies":[{"name":"vp","href":"https:\/\/api.w.org\/{rel}","templated":true}]}}